{"id":610,"date":"2024-11-28T09:15:24","date_gmt":"2024-11-28T08:15:24","guid":{"rendered":"https:\/\/osseus.pl\/?page_id=610"},"modified":"2024-11-28T14:31:54","modified_gmt":"2024-11-28T13:31:54","slug":"michal-jedrzejczyk","status":"publish","type":"page","link":"https:\/\/osseus.pl\/?page_id=610","title":{"rendered":"Micha\u0142 J\u0119drzejczyk"},"content":{"rendered":"<p>[et_pb_section fb_built=&#8221;1&#8243; admin_label=&#8221;Hero Section&#8221; _builder_version=&#8221;4.16&#8243; use_background_color_gradient=&#8221;on&#8221; background_color_gradient_direction=&#8221;105deg&#8221; background_color_gradient_stops=&#8221;#70b2be 0%|#ffffff 100%&#8221; background_color_gradient_start=&#8221;#70b2be&#8221; background_color_gradient_end=&#8221;#ffffff&#8221; custom_padding=&#8221;60px|0px|60px|0px&#8221; global_colors_info=&#8221;{}&#8221;][et_pb_row _builder_version=&#8221;4.16&#8243; background_size=&#8221;initial&#8221; background_position=&#8221;top_left&#8221; background_repeat=&#8221;repeat&#8221; global_colors_info=&#8221;{}&#8221;][et_pb_column type=&#8221;4_4&#8243; _builder_version=&#8221;4.16&#8243; custom_padding=&#8221;|||&#8221; global_colors_info=&#8221;{}&#8221; custom_padding__hover=&#8221;|||&#8221;][et_pb_text _builder_version=&#8221;4.16&#8243; text_font=&#8221;Poppins||||||||&#8221; text_text_color=&#8221;rgba(255,255,255,0.8)&#8221; text_font_size=&#8221;18px&#8221; text_line_height=&#8221;1.8em&#8221; header_font=&#8221;Roboto|600|||||||&#8221; header_text_color=&#8221;#ffffff&#8221; header_font_size=&#8221;48px&#8221; header_line_height=&#8221;1.4em&#8221; header_3_font=&#8221;Poppins|600|||||||&#8221; header_3_font_size=&#8221;36px&#8221; header_3_line_height=&#8221;1.4em&#8221; background_layout=&#8221;dark&#8221; max_width=&#8221;600px&#8221; module_alignment=&#8221;left&#8221; custom_margin=&#8221;|||&#8221; custom_padding=&#8221;||5px|||&#8221; locked=&#8221;off&#8221; global_colors_info=&#8221;{}&#8221;]<\/p>\n<h1>Specjali\u015bci<\/h1>\n<p>[\/et_pb_text][\/et_pb_column][\/et_pb_row][\/et_pb_section][et_pb_section fb_built=&#8221;1&#8243; admin_label=&#8221;About Us Section&#8221; _builder_version=&#8221;4.16&#8243; custom_padding=&#8221;110px|0px|111px|0px||&#8221; global_colors_info=&#8221;{}&#8221;][et_pb_row column_structure=&#8221;1_2,1_2&#8243; _builder_version=&#8221;4.16&#8243; custom_padding=&#8221;|||&#8221; locked=&#8221;off&#8221; global_colors_info=&#8221;{}&#8221;][et_pb_column type=&#8221;1_2&#8243; _builder_version=&#8221;4.16&#8243; _module_preset=&#8221;default&#8221; global_colors_info=&#8221;{}&#8221;][et_pb_image src=&#8221;https:\/\/osseus.pl\/wp-content\/uploads\/2024\/11\/Michal-Jedrzejczyk-OSSEUS.webp&#8221; alt=&#8221;Micha\u0142 J\u0119drzejczyk &#8211; OSSEUS&#8221; title_text=&#8221;Micha\u0142 J\u0119drzejczyk &#8211; OSSEUS&#8221; _builder_version=&#8221;4.27.4&#8243; _module_preset=&#8221;default&#8221; global_colors_info=&#8221;{}&#8221;][\/et_pb_image][\/et_pb_column][et_pb_column type=&#8221;1_2&#8243; _builder_version=&#8221;4.16&#8243; custom_padding=&#8221;|||&#8221; global_colors_info=&#8221;{}&#8221; custom_padding__hover=&#8221;|||&#8221;][et_pb_text _builder_version=&#8221;4.27.4&#8243; text_font=&#8221;||||||||&#8221; header_font=&#8221;||||||||&#8221; header_3_font=&#8221;Roboto|600|||||||&#8221; header_3_text_color=&#8221;#44d89e&#8221; header_3_font_size=&#8221;36px&#8221; header_3_line_height=&#8221;1.4em&#8221; global_colors_info=&#8221;{}&#8221;]<\/p>\n<h3><span style=\"color: #70b2be;\">Micha\u0142 J\u0119drzejczyk<\/span><\/h3>\n<p>[\/et_pb_text][et_pb_text _builder_version=&#8221;4.27.4&#8243; text_font=&#8221;Roboto|300|||||||&#8221; text_text_color=&#8221;#486066&#8243; text_font_size=&#8221;15px&#8221; text_line_height=&#8221;1.8em&#8221; header_font=&#8221;||||||||&#8221; custom_margin=&#8221;||60px|&#8221; global_colors_info=&#8221;{}&#8221;]<strong>Jestem absolwentem Akademii Wychowania Fizycznego im.&nbsp;Bronis\u0142awa Czecha w&nbsp;Krakowie (licencjat) oraz&nbsp;Uniwersytetu Jagiello\u0144skiego Collegium Medicum (magister). Jestem certyfikowanym terapeut\u0105 manualnym MTI wg&nbsp;stanard\u00f3w IFOMPT.<\/strong><\/p>\n<p>Fundament pracy stanowi dla mnie terapia manualna wg&nbsp;standard\u00f3w Mi\u0119dzynarodowej Federacji Ortopedycznych Fizjoterapeut\u00f3w Manualnych (IFOMPT), oparta o&nbsp;dok\u0142adny wywiad, badanie, terapi\u0119 oraz&nbsp;indywidualnie dobrane zadania\/\u0107wiczenia adekwatne do&nbsp;danego problemu z&nbsp;jakim zg\u0142asza si\u0119 pacjent. Du\u017cy nacisk stawiam r\u00f3wnie\u017c na&nbsp;profilaktyk\u0119 oraz&nbsp;edukacj\u0119 pacjenta. Zale\u017cy mi&nbsp;na&nbsp;tym, aby pacjent bra\u0142 aktywny udzia\u0142 w&nbsp;ca\u0142ym procesie leczniczo-terapeutycznym, kt\u00f3ry&nbsp;skupia si\u0119 na&nbsp;pierwotnych oraz&nbsp;wt\u00f3rnych dysfunkcjach, aby finalnie poprawi\u0107 komfort \u017cycia oraz&nbsp;zapobiec nawrotom objaw\u00f3w. Bardzo lubi\u0119 swoj\u0105 prac\u0119 dlatego te\u017c na&nbsp;bie\u017c\u0105co poszerzam swoj\u0105 wiedz\u0119 i&nbsp;umiej\u0119tno\u015bci uczestnicz\u0105c w&nbsp;szkoleniach oraz&nbsp;konferencjach, aby w&nbsp;lepszy spos\u00f3b pomaga\u0107 moim pacjentom i&nbsp;podopiecznym. Obecnie jestem w&nbsp;trakcie zaawansowanego szkolenia MT&nbsp;II&nbsp;NOMPT wg&nbsp;standard\u00f3w IFOMPT.<br \/>\nOd najm\u0142odszych lat zawsze lubi\u0142em ruch, tu&nbsp;najwi\u0119kszy wp\u0142yw wywar\u0142a na&nbsp;mnie pi\u0142ka no\u017cna, kt\u00f3ra&nbsp;towarzyszy mi&nbsp;do&nbsp;dnia dzisiejszego. Kontuzje i&nbsp;liczne urazy ukszta\u0142towa\u0142y moj\u0105 drog\u0119 zawodow\u0105 oraz&nbsp;pozwoli\u0142y mi&nbsp;lepiej zrozumie\u0107 problemy z&nbsp;jakimi zg\u0142aszaj\u0105 si\u0119 do&nbsp;mnie pacjenci. W&nbsp;wolnym czasie ch\u0119tnie podr\u00f3\u017cuje, uprawiam sport, sp\u0119dzam czas ze&nbsp;znajomymi i&nbsp;rodzin\u0105.[\/et_pb_text][\/et_pb_column][\/et_pb_row][et_pb_row column_structure=&#8221;1_2,1_2&#8243; _builder_version=&#8221;4.16&#8243; _module_preset=&#8221;default&#8221; global_colors_info=&#8221;{}&#8221;][et_pb_column type=&#8221;1_2&#8243; _builder_version=&#8221;4.16&#8243; _module_preset=&#8221;default&#8221; global_colors_info=&#8221;{}&#8221;][et_pb_text _builder_version=&#8221;4.16&#8243; _module_preset=&#8221;default&#8221; text_font=&#8221;Roboto||||||||&#8221; text_text_color=&#8221;#FFFFFF&#8221; background_color=&#8221;#70B2BE&#8221; background_layout=&#8221;dark&#8221; custom_margin=&#8221;0px|-577px|||false|false&#8221; custom_padding=&#8221;12px|||10px|false|false&#8221; global_colors_info=&#8221;{}&#8221;]<\/p>\n<h4>Uko\u0144czone kursy i&nbsp;szkolenia:<\/h4>\n<p>[\/et_pb_text][et_pb_text _builder_version=&#8221;4.27.4&#8243; _module_preset=&#8221;default&#8221; text_font=&#8221;Roboto|300|||||||&#8221; global_colors_info=&#8221;{}&#8221;]<\/p>\n<ul>\n<li>2024. Terapia Manualna wg&nbsp;mi\u0119dzynarodowych standard\u00f3w IFOMPT \u2013 Kurs rozbudowuj\u0105cy [MT II] \u2013 Modu\u0142 V: Dysfunkcje g\u00f3rnego odcinka kr\u0119gos\u0142upa oraz&nbsp;regionu czaszkowo-\u017cuchwowego, (Prowadz\u0105cy: Instruktor MT&nbsp;e.V. IFK, PT\/OMT Stanis\u0142aw Legocki).<\/li>\n<li>2024. Radiologia kr\u0119gos\u0142upa i&nbsp;staw\u00f3w obwodowych &#8211; powi\u0105zanie objaw\u00f3w z&nbsp;obrazem radiologicznym, (Prowadz\u0105cy: dr&nbsp;n. med. Micha\u0142 R\u017cany D.O.)<\/li>\n<li>2023. Terapia Manualna wg&nbsp;mi\u0119dzynarodowych standard\u00f3w IFOMPT \u2013 Kurs<br \/>rozbudowuj\u0105cy [MT II] \u2013 Modu\u0142 IV: Dysfunkcje szyjnego odcinka kr\u0119gos\u0142upa i&nbsp;ko\u0144czyny g\u00f3rnej, (Prowadz\u0105cy: Instruktor MT&nbsp;e.V. IFK, PT\/OMT Stanis\u0142aw Legocki).<\/li>\n<li>2023. MTT &#8211; Medyczny Trening Terapeutyczny &#8211; Modu\u0142 III.<br \/>(Prowadz\u0105cy: Terapeuta Manualny MT&nbsp;II&nbsp;mgr&nbsp;Anna Szal, Terapeuta Manualny MT&nbsp;II&nbsp;mgr&nbsp;Micha\u0142 Szl\u0119zak, Instruktor MT&nbsp;e.V. IFK PT\/OMT Stanis\u0142aw Legocki)<\/li>\n<li>2022. MTT &#8211; Medyczny Trening Terapeutyczny &#8211; Modu\u0142 II.<br \/>(Prowadz\u0105cy: Terapeuta Manualny MT&nbsp;II&nbsp;mgr&nbsp;Micha\u0142 Szl\u0119zak, Terapeuta Manualny MT&nbsp;II&nbsp;mgr&nbsp;Anna Szal, dr&nbsp;hab. Micha\u0142 Kuszewski, dr&nbsp;hab. Micha\u0142 Wilk prof.&nbsp;AWF Katowice)<\/li>\n<li>2022. MTT &#8211; Medyczny Trening Terapeutyczny &#8211; Modu\u0142 I.<br \/>(Prowadz\u0105cy: Terapeuta Manualny MT&nbsp;II&nbsp;mgr&nbsp;Micha\u0142 Szl\u0119zak, Terapeuta Manualny MT&nbsp;II&nbsp;mgr&nbsp;Tomasz Wo\u017aniak)<\/li>\n<li>2022. Terapia Manualna wg&nbsp;mi\u0119dzynarodowych standard\u00f3w IFOMPT \u2013 Kurs rozbudowuj\u0105cy [MT II] \u2013 Modu\u0142 II: LPD I&nbsp;Dysfunkcje odc. l\u0119d\u017awiowego kr\u0119gos\u0142upa i&nbsp;ko\u0144czyny dolnej (Prowadz\u0105cy: Instruktor MT&nbsp;e.V. IFK, PT\/OMT Stanis\u0142aw Legocki)<\/li>\n<li>2022. Osteopatyczna diagnostyka i&nbsp;leczenie narz\u0105d\u00f3w trzewnych \u2013 modu\u0142 II, (Prowadz\u0105cy: Michael Puylaert D.O.)<\/li>\n<li>2022. Osteopatyczna diagnostyka i&nbsp;leczenie narz\u0105d\u00f3w trzewnych \u2013 modu\u0142 I,<br \/>(Prowadz\u0105cy: Michael Puylaert D.O.)<\/li>\n<li>2022. Terapia Manualna wg&nbsp;mi\u0119dzynarodowych standard\u00f3w IFOMPT \u2013 Kurs rozbudowuj\u0105cy [MT II] \u2013 Modu\u0142 I: Dysfunkcje odcinka piersiowego kr\u0119gos\u0142upa (Prowadz\u0105cy: Instruktor MT&nbsp;e.V. IFK, PT\/OMT Stanis\u0142aw Legocki)<\/li>\n<li>2022. Integralna Terapia Blizn, (Prowadz\u0105cy: Instruktor Katarzyna M\u0142otek)<\/li>\n<li>2021. Terapia Manualna wg&nbsp;mi\u0119dzynarodowych standard\u00f3w IFOMPT, Modu\u0142 X. (Egzamin: Teoretyczny i&nbsp;Praktyczny). Tytu\u0142: Certyfikowany Terapeuta Manualny MT&nbsp;I<\/li>\n<li>2021. Terapia manualna wg&nbsp;mi\u0119dzynarodowych standard\u00f3w IFOMPT, modu\u0142 IX, (KM), Anatomia mi\u0119\u015bni tu\u0142owia. Wp\u0142yw schemat\u00f3w ruchowych na&nbsp;funkcje, nowe drogi stabilizacji lokalnej na&nbsp;podstawie najnowszych bada\u0144 klinicznych (Prowadz\u0105cy: Instruktor MT&nbsp;e.V. IFK, PT\/OMT Stanis\u0142aw Legocki)<\/li>\n<\/ul>\n<p>[\/et_pb_text][\/et_pb_column][et_pb_column type=&#8221;1_2&#8243; _builder_version=&#8221;4.16&#8243; _module_preset=&#8221;default&#8221; global_colors_info=&#8221;{}&#8221;][et_pb_text _builder_version=&#8221;4.27.4&#8243; _module_preset=&#8221;default&#8221; text_font=&#8221;Roboto|300|||||||&#8221; custom_margin=&#8221;67px||||false|false&#8221; global_colors_info=&#8221;{}&#8221;]<\/p>\n<ul>\n<li>2021. Terapia manualna wg&nbsp;mi\u0119dzynarodowych standard\u00f3w IFOMPT, modu\u0142 VIII, (KIV), anatomia funkcjonalna kr\u0119gos\u0142upa cd., problemy w&nbsp;rejonie nerw\u00f3w obwodowych; b\u00f3l g\u0142owy pochodzenia szyjnego, (Prowadz\u0105cy: Instruktor MT&nbsp;e.V. IFK, PT\/OMT Stanis\u0142aw Legocki)<\/li>\n<li>2021. Godziny kliniczne I, II, III, w&nbsp;ramach kursu terapii manualnej (Prowadz\u0105cy: Terapeuta Manualny MT&nbsp;II&nbsp;mgr&nbsp;Anna Szal)<\/li>\n<li>2020. Anatomia Palpacyjna Cz\u0142owieka, Modu\u0142 II, Uk\u0142ad kostny, mi\u0119\u015bniowy oraz&nbsp;nerwowy z&nbsp;elementami uk\u0142adu naczyniowego, (Prowadz\u0105cy: Marcin Fluder D.O)<\/li>\n<li>2020. Terapia manualna wg&nbsp;mi\u0119dzynarodowych standard\u00f3w IFOMPT, modu\u0142 VII, (KIII), anatomia i&nbsp;biomechanika staw\u00f3w szczytowo obrotowych, podstawy badania neurologicznego, problemy korzeniowe, peryferyjne, centralne, (Prowadz\u0105cy: Instruktor MT&nbsp;e.V. IFK, PT\/OMT Stanis\u0142aw Legocki)<\/li>\n<li>2020. Anatomia Palpacyjna Cz\u0142owieka, Modu\u0142 I, Uk\u0142ad kostny, mi\u0119\u015bniowy oraz&nbsp;nerwowy z&nbsp;elementami uk\u0142adu naczyniowego, (Prowadz\u0105cy: Marcin Fluder D.O)<\/li>\n<li>2020. Terapia manualna wg&nbsp;mi\u0119dzynarodowych standard\u00f3w IFOMPT, modu\u0142 VI, (EM), mi\u0119\u015bniowe techniki mobilizacji staw\u00f3w ko\u0144czyn; selektywna diagnostyka mi\u0119\u015bni ko\u0144czyn, (Prowadz\u0105cy: Instruktor MT&nbsp;e.V. IFK, PT\/OMT Stanis\u0142aw Legocki).<\/li>\n<li>2020. Terapia manualna wg&nbsp;mi\u0119dzynarodowych standard\u00f3w IFOMPT, modu\u0142 V, (EIII), tr\u00f3jwymiarowe techniki mobilizacyjne ko\u0144czyn, techniki szybkiej mobilizacji staw\u00f3w ko\u0144czyn, (Prowadz\u0105cy: Instruktor MT&nbsp;e.V. IFK, PT\/OMT Stanis\u0142aw Legocki)<\/li>\n<li>2019. Kurs stabilizacji &#8211; Modu\u0142 III: Stabilizacja szyjnego odcinka kr\u0119gos\u0142upa i&nbsp;stawu skroniowo-\u017cuchwowego, Prowadz\u0105cy: Instruktor MT&nbsp;e.V. IFK, PT\/OMT Stanis\u0142aw Legocki)<\/li>\n<li>2019. Kurs stabilizacji &#8211; Modu\u0142 II: Stabilno\u015b\u0107 centralna a&nbsp;stabilno\u015b\u0107 staw\u00f3w peryferyjnych. Nowoczesna koncepcja stabilizacji staw\u00f3w obwodowych, Prowadz\u0105cy: Instruktor MT&nbsp;e.V. IFK, PT\/OMT Stanis\u0142aw Legocki)<\/li>\n<li>2019. Kurs stabilizacji &#8211; Modu\u0142 I: Centralna stabilno\u015b\u0107-niestabilno\u015b\u0107. Kompensacyjne schematy ruchowe przy dysfunkcjach system\u00f3w stabilizacyjnych, Prowadz\u0105cy: Instruktor MT&nbsp;e.V. IFK, PT\/OMT Stanis\u0142aw Legocki)<\/li>\n<li>2019. Terapia manualna wg&nbsp;mi\u0119dzynarodowych standard\u00f3w IFOMPT, modu\u0142 IV, (KII), anatomia funkcjonalna kr\u0119gos\u0142upa cd., podstawy neurologii, (Prowadz\u0105cy: Instruktor MT&nbsp;e.V. IFK, PT\/OMT Stanis\u0142aw Legocki)<\/li>\n<li>2019. Terapia manualna wg&nbsp;mi\u0119dzynarodowych standard\u00f3w IFOMPT, modu\u0142 III, (KI), anatomia, biomechanika staw\u00f3w kr\u0119gos\u0142upa, \u017ceber, miednicy, (Prowadz\u0105cy: Instruktor MT&nbsp;e.V. IFK, PT\/OMT Stanis\u0142aw Legocki)<\/li>\n<li>2019. Terapia manualna wg&nbsp;mi\u0119dzynarodowych standard\u00f3w IFOMPT, modu\u0142 II, (EII), Techniki mobilizacyjne wszystkich staw\u00f3w ko\u0144czyn, (Prowadz\u0105cy: Instruktor MT&nbsp;e.V. IFK, PT\/OMT Stanis\u0142aw Legocki)<\/li>\n<li>2019. Terapia manualna wg&nbsp;mi\u0119dzynarodowych standard\u00f3w IFOMPT, modu\u0142 I, (EB), Podstawy terapii manualnej, (Prowadz\u0105cy: Instruktor MT&nbsp;e.V. IFK, PT\/OMT Stanis\u0142aw Legocki)<\/li>\n<li>2019. Manualne Leczenie Zaburze\u0144 Napi\u0119cia Mi\u0119\u015bniowego z&nbsp;Elementami Tapingu Sztywnego, AWF Krak\u00f3w<\/li>\n<li>2019. Kurs Masa\u017cu Tkanek G\u0142\u0119bokich i&nbsp;rozlu\u017aniania mi\u0119\u015bniowo powi\u0119ziowego z&nbsp;anatomi\u0105 palpacyjn\u0105 (Prowadz\u0105cy: dr&nbsp;\u0141ukasz Czubaszewski, dr&nbsp;Piotr Sza\u0142a\u0144ski)<\/li>\n<li>2018. Kurs Treningu Medycznego, AMS Wroc\u0142aw<\/li>\n<\/ul>\n<p>[\/et_pb_text][\/et_pb_column][\/et_pb_row][et_pb_row _builder_version=&#8221;4.16&#8243; _module_preset=&#8221;default&#8221; global_colors_info=&#8221;{}&#8221;][et_pb_column type=&#8221;4_4&#8243; _builder_version=&#8221;4.16&#8243; _module_preset=&#8221;default&#8221; global_colors_info=&#8221;{}&#8221;][et_pb_text _builder_version=&#8221;4.27.4&#8243; _module_preset=&#8221;default&#8221; text_font=&#8221;Roboto||||||||&#8221; text_text_color=&#8221;#FFFFFF&#8221; background_color=&#8221;#70B2BE&#8221; background_layout=&#8221;dark&#8221; custom_margin=&#8221;||||false|false&#8221; custom_padding=&#8221;|||10px|false|false&#8221; global_colors_info=&#8221;{}&#8221;]<\/p>\n<h4>Konferencje:<\/h4>\n<p>[\/et_pb_text][et_pb_text _builder_version=&#8221;4.27.4&#8243; _module_preset=&#8221;default&#8221; global_colors_info=&#8221;{}&#8221;]<\/p>\n<ul>\n<li><strong><\/strong>VI Konferencja terapeut\u00f3w manualnych pracuj\u0105cych wg&nbsp;standard\u00f3w IFOMPT. Organizator: Stowarzyszenie NOMPT PL.&nbsp;Temat: Interdyscyplinarna diagnostyka i&nbsp;terapia skolioz w&nbsp;terapii i&nbsp;praktyce.<\/li>\n<li>IX Konferencja terapeut\u00f3w manualnych pracuj\u0105cych wg&nbsp;standard\u00f3w IFOMPT. Organizator: Stowarzyszenie NOMPT PL.&nbsp;Temat: B\u00f3le g\u0142owy i&nbsp;dysfunkcje w&nbsp;rejonie g\u00f3rnego odcinka szyjnego kr\u0119gos\u0142upa w&nbsp;praktyce terapeuty manualnego NOMPT PL.<\/li>\n<li>X&nbsp;Konferencja terapeut\u00f3w manualnych pracuj\u0105cych wg&nbsp;standard\u00f3w IFOMPT. Organizator: Stowarzyszenie NOMPT PL.&nbsp;Temat: Znaczenie systemu wegetatywnego i&nbsp;neurofizjologii w&nbsp;teorii i&nbsp;praktyce terapeuty manualnego wed\u0142ug standard\u00f3w IFOMPT i&nbsp;NOMPT PL.<\/li>\n<\/ul>\n<p>[\/et_pb_text][\/et_pb_column][\/et_pb_row][\/et_pb_section][et_pb_section fb_built=&#8221;1&#8243; admin_label=&#8221;Contact Info Section&#8221; _builder_version=&#8221;4.16&#8243; background_color=&#8221;#fafbfc&#8221; custom_padding=&#8221;4px|0px|4px|0px|true|&#8221; locked=&#8221;off&#8221; global_colors_info=&#8221;{}&#8221;][et_pb_row column_structure=&#8221;1_4,1_4,1_4,1_4&#8243; _builder_version=&#8221;4.27.4&#8243; max_width=&#8221;1920px&#8221; global_colors_info=&#8221;{}&#8221; locked=&#8221;off&#8221;][et_pb_column type=&#8221;1_4&#8243; _builder_version=&#8221;4.16&#8243; custom_padding=&#8221;|||&#8221; global_colors_info=&#8221;{}&#8221; custom_padding__hover=&#8221;|||&#8221;][et_pb_blurb title=&#8221;Piotr Klocek&#8221; use_icon=&#8221;on&#8221; font_icon=&#8221;&#xe090;||divi||400&#8243; icon_color=&#8221;#ffffff&#8221; image_icon_background_color=&#8221;#70B2BE&#8221; icon_placement=&#8221;left&#8221; image_icon_width=&#8221;32px&#8221; _builder_version=&#8221;4.27.4&#8243; header_font=&#8221;Montserrat|600|||||||&#8221; header_text_color=&#8221;#486066&#8243; header_line_height=&#8221;1.4em&#8221; body_font=&#8221;Montserrat||||||||&#8221; body_text_color=&#8221;#959ca5&#8243; body_font_size=&#8221;12px&#8221; body_line_height=&#8221;1.8em&#8221; body_link_font=&#8221;|600||on|||||&#8221; background_color=&#8221;#ffffff&#8221; image_icon_custom_margin=&#8221;|-13px||8px|false|false&#8221; image_icon_custom_padding=&#8221;8px|8px|8px|8px|false|false&#8221; text_orientation=&#8221;center&#8221; width=&#8221;100%&#8221; max_width=&#8221;100%&#8221; module_alignment=&#8221;left&#8221; custom_margin=&#8221;0px|||0px|false|false&#8221; custom_padding=&#8221;30px|15px|30px|2px|false|false&#8221; animation_style=&#8221;fade&#8221; animation=&#8221;off&#8221; border_radii=&#8221;on|6px|6px|6px|6px&#8221; border_radii_image=&#8221;on|100%|100%|100%|100%&#8221; box_shadow_style=&#8221;preset1&#8243; box_shadow_vertical=&#8221;10px&#8221; box_shadow_blur=&#8221;24px&#8221; box_shadow_spread=&#8221;6px&#8221; box_shadow_color=&#8221;rgba(0,0,0,0.06)&#8221; icon_font_size=&#8221;32px&#8221; use_circle=&#8221;on&#8221; circle_color=&#8221;#1bb3eb&#8221; global_colors_info=&#8221;{}&#8221; image_icon_background_color__sticky_enabled=&#8221;#7EBEC5&#8243; image_icon_background_color__sticky=&#8221;#7EBEC5&#8243;]<\/p>\n<p style=\"text-align: center;\"><a href=\"mailto:piotr.klocek@osseus.pl\">piotr.klocek@osseus.pl<\/a><br \/>\n+48 668 128 880<\/p>\n<p>[\/et_pb_blurb][\/et_pb_column][et_pb_column type=&#8221;1_4&#8243; _builder_version=&#8221;4.16&#8243; _module_preset=&#8221;default&#8221; global_colors_info=&#8221;{}&#8221;][et_pb_blurb title=&#8221;Jan Hankus&#8221; use_icon=&#8221;on&#8221; font_icon=&#8221;&#xe090;||divi||400&#8243; icon_color=&#8221;#ffffff&#8221; image_icon_background_color=&#8221;#70B2BE&#8221; icon_placement=&#8221;left&#8221; image_icon_width=&#8221;32px&#8221; _builder_version=&#8221;4.27.4&#8243; header_font=&#8221;Montserrat|600|||||||&#8221; header_text_color=&#8221;#486066&#8243; header_line_height=&#8221;1.4em&#8221; body_font=&#8221;Montserrat||||||||&#8221; body_text_color=&#8221;#959ca5&#8243; body_font_size=&#8221;12px&#8221; body_line_height=&#8221;1.8em&#8221; body_link_font=&#8221;|||on|||||&#8221; background_color=&#8221;#ffffff&#8221; image_icon_custom_margin=&#8221;|-13px||8px|false|false&#8221; image_icon_custom_padding=&#8221;8px|8px|8px|8px|false|false&#8221; text_orientation=&#8221;center&#8221; width=&#8221;100%&#8221; max_width=&#8221;100%&#8221; module_alignment=&#8221;left&#8221; custom_margin=&#8221;0px|||0px|false|false&#8221; custom_padding=&#8221;30px|15px|30px|2px|false|false&#8221; animation_style=&#8221;fade&#8221; animation=&#8221;off&#8221; border_radii=&#8221;on|6px|6px|6px|6px&#8221; border_radii_image=&#8221;on|100%|100%|100%|100%&#8221; box_shadow_style=&#8221;preset1&#8243; box_shadow_vertical=&#8221;10px&#8221; box_shadow_blur=&#8221;24px&#8221; box_shadow_spread=&#8221;6px&#8221; box_shadow_color=&#8221;rgba(0,0,0,0.06)&#8221; icon_font_size=&#8221;32px&#8221; use_circle=&#8221;on&#8221; circle_color=&#8221;#1bb3eb&#8221; locked=&#8221;off&#8221; global_colors_info=&#8221;{}&#8221; image_icon_background_color__sticky_enabled=&#8221;#7EBEC5&#8243; image_icon_background_color__sticky=&#8221;#7EBEC5&#8243;]<\/p>\n<p style=\"text-align: center;\"><a href=\"mailto:jan.hankus@osseus.pl\">jan.hankus@osseus.pl<\/a><br \/>\n+48 513 123 632<\/p>\n<p>[\/et_pb_blurb][\/et_pb_column][et_pb_column type=&#8221;1_4&#8243; _builder_version=&#8221;4.16&#8243; _module_preset=&#8221;default&#8221; global_colors_info=&#8221;{}&#8221;][et_pb_blurb title=&#8221;Bart\u0142omiej Pancerz&#8221; use_icon=&#8221;on&#8221; font_icon=&#8221;&#xe090;||divi||400&#8243; icon_color=&#8221;#ffffff&#8221; image_icon_background_color=&#8221;#70B2BE&#8221; icon_placement=&#8221;left&#8221; image_icon_width=&#8221;32px&#8221; _builder_version=&#8221;4.27.4&#8243; header_font=&#8221;Montserrat|600|||||||&#8221; header_text_color=&#8221;#486066&#8243; header_line_height=&#8221;1.4em&#8221; body_font=&#8221;Montserrat||||||||&#8221; body_text_color=&#8221;#959ca5&#8243; body_font_size=&#8221;12px&#8221; body_line_height=&#8221;1.8em&#8221; body_link_font=&#8221;|||on|||||&#8221; background_color=&#8221;#ffffff&#8221; image_icon_custom_margin=&#8221;|-13px||8px|false|false&#8221; image_icon_custom_padding=&#8221;8px|8px|8px|8px|false|false&#8221; text_orientation=&#8221;center&#8221; width=&#8221;100%&#8221; max_width=&#8221;100%&#8221; module_alignment=&#8221;left&#8221; custom_margin=&#8221;0px|||0px|false|false&#8221; custom_padding=&#8221;30px|15px|30px|2px|false|false&#8221; animation_style=&#8221;fade&#8221; animation=&#8221;off&#8221; border_radii=&#8221;on|6px|6px|6px|6px&#8221; border_radii_image=&#8221;on|100%|100%|100%|100%&#8221; box_shadow_style=&#8221;preset1&#8243; box_shadow_vertical=&#8221;10px&#8221; box_shadow_blur=&#8221;24px&#8221; box_shadow_spread=&#8221;6px&#8221; box_shadow_color=&#8221;rgba(0,0,0,0.06)&#8221; icon_font_size=&#8221;32px&#8221; use_circle=&#8221;on&#8221; circle_color=&#8221;#1bb3eb&#8221; locked=&#8221;off&#8221; global_colors_info=&#8221;{}&#8221; image_icon_background_color__sticky_enabled=&#8221;#7EBEC5&#8243; image_icon_background_color__sticky=&#8221;#7EBEC5&#8243;]<\/p>\n<p style=\"text-align: center;\"><a href=\"mailto:jan.hankus@osseus.pl\">bart\u0142omiej.pancerz@osseus.pl<\/a><br \/>\n+48 <span>512 212 616<\/span><\/p>\n<p>[\/et_pb_blurb][\/et_pb_column][et_pb_column type=&#8221;1_4&#8243; _builder_version=&#8221;4.16&#8243; _module_preset=&#8221;default&#8221; global_colors_info=&#8221;{}&#8221;][et_pb_blurb title=&#8221;Micha\u0142 J\u0119drzejczyk&#8221; use_icon=&#8221;on&#8221; font_icon=&#8221;&#xe090;||divi||400&#8243; icon_color=&#8221;#ffffff&#8221; image_icon_background_color=&#8221;#70B2BE&#8221; icon_placement=&#8221;left&#8221; image_icon_width=&#8221;32px&#8221; _builder_version=&#8221;4.27.4&#8243; header_font=&#8221;Montserrat|600|||||||&#8221; header_text_color=&#8221;#486066&#8243; header_line_height=&#8221;1.4em&#8221; body_font=&#8221;Montserrat||||||||&#8221; body_text_color=&#8221;#959ca5&#8243; body_font_size=&#8221;12px&#8221; body_line_height=&#8221;1.8em&#8221; body_link_font=&#8221;|||on|||||&#8221; background_color=&#8221;#ffffff&#8221; image_icon_custom_margin=&#8221;|-13px||8px|false|false&#8221; image_icon_custom_padding=&#8221;8px|8px|8px|8px|false|false&#8221; text_orientation=&#8221;center&#8221; width=&#8221;100%&#8221; max_width=&#8221;100%&#8221; module_alignment=&#8221;left&#8221; custom_margin=&#8221;0px|||0px|false|false&#8221; custom_padding=&#8221;30px|15px|30px|2px|false|false&#8221; animation_style=&#8221;fade&#8221; animation=&#8221;off&#8221; border_radii=&#8221;on|6px|6px|6px|6px&#8221; border_radii_image=&#8221;on|100%|100%|100%|100%&#8221; box_shadow_style=&#8221;preset1&#8243; box_shadow_vertical=&#8221;10px&#8221; box_shadow_blur=&#8221;24px&#8221; box_shadow_spread=&#8221;6px&#8221; box_shadow_color=&#8221;rgba(0,0,0,0.06)&#8221; icon_font_size=&#8221;32px&#8221; use_circle=&#8221;on&#8221; circle_color=&#8221;#1bb3eb&#8221; locked=&#8221;off&#8221; global_colors_info=&#8221;{}&#8221; image_icon_background_color__sticky_enabled=&#8221;#7EBEC5&#8243; image_icon_background_color__sticky=&#8221;#7EBEC5&#8243;]<\/p>\n<p style=\"text-align: center;\"><a href=\"mailto:micha\u0142.Jedrzejczyk@osseus.pl\">micha\u0142.Jedrzejczyk@osseus.pl<\/a><br \/>\n+48 <span>518 125 889<\/span><\/p>\n<p>[\/et_pb_blurb][\/et_pb_column][\/et_pb_row][et_pb_row column_structure=&#8221;1_2,1_2&#8243; _builder_version=&#8221;4.24.2&#8243; max_width=&#8221;1920px&#8221; global_colors_info=&#8221;{}&#8221;][et_pb_column type=&#8221;1_2&#8243; _builder_version=&#8221;4.16&#8243; custom_padding=&#8221;|||&#8221; global_colors_info=&#8221;{}&#8221; custom_padding__hover=&#8221;|||&#8221;][et_pb_blurb title=&#8221;Pleszowska 29&#8243; use_icon=&#8221;on&#8221; font_icon=&#8221;&#xe081;||divi||400&#8243; icon_color=&#8221;#ffffff&#8221; image_icon_background_color=&#8221;#70B2BE&#8221; icon_placement=&#8221;left&#8221; image_icon_width=&#8221;32px&#8221; _builder_version=&#8221;4.16&#8243; header_font=&#8221;Montserrat|600|||||||&#8221; header_text_color=&#8221;#486066&#8243; header_line_height=&#8221;1.4em&#8221; body_font=&#8221;Montserrat||||||||&#8221; body_text_color=&#8221;#959ca5&#8243; body_font_size=&#8221;12px&#8221; body_line_height=&#8221;1.8em&#8221; background_color=&#8221;#ffffff&#8221; image_icon_custom_margin=&#8221;|-13px||8px|false|false&#8221; image_icon_custom_padding=&#8221;8px|8px|8px|8px|false|false&#8221; text_orientation=&#8221;center&#8221; width=&#8221;100%&#8221; max_width=&#8221;100%&#8221; module_alignment=&#8221;left&#8221; custom_margin=&#8221;0px|||0px|false|false&#8221; custom_padding=&#8221;30px|15px|30px|2px|false|false&#8221; animation_style=&#8221;fade&#8221; animation=&#8221;off&#8221; border_radii=&#8221;on|6px|6px|6px|6px&#8221; border_radii_image=&#8221;on|100%|100%|100%|100%&#8221; box_shadow_style=&#8221;preset1&#8243; box_shadow_vertical=&#8221;10px&#8221; box_shadow_blur=&#8221;24px&#8221; box_shadow_spread=&#8221;6px&#8221; box_shadow_color=&#8221;rgba(0,0,0,0.06)&#8221; icon_font_size=&#8221;32px&#8221; use_circle=&#8221;on&#8221; circle_color=&#8221;#1bb3eb&#8221; global_colors_info=&#8221;{}&#8221; image_icon_background_color__sticky_enabled=&#8221;#7EBEC5&#8243; image_icon_background_color__sticky=&#8221;#7EBEC5&#8243;]<\/p>\n<p>31-228 Krak\u00f3w<\/p>\n<p>[\/et_pb_blurb][\/et_pb_column][et_pb_column type=&#8221;1_2&#8243; _builder_version=&#8221;4.16&#8243; custom_padding=&#8221;|||&#8221; global_colors_info=&#8221;{}&#8221; custom_padding__hover=&#8221;|||&#8221;][et_pb_blurb title=&#8221;Pon-Sob.:                                          &#8221; use_icon=&#8221;on&#8221; font_icon=&#8221;&#xe06b;||divi||400&#8243; icon_color=&#8221;#ffffff&#8221; image_icon_background_color=&#8221;#70B2BE&#8221; icon_placement=&#8221;left&#8221; image_icon_width=&#8221;32px&#8221; _builder_version=&#8221;4.16&#8243; header_font=&#8221;Montserrat|600|||||||&#8221; header_text_color=&#8221;#486066&#8243; header_line_height=&#8221;1.4em&#8221; body_font=&#8221;Montserrat||||||||&#8221; body_text_color=&#8221;#959ca5&#8243; body_font_size=&#8221;12px&#8221; body_line_height=&#8221;1.8em&#8221; background_color=&#8221;#ffffff&#8221; image_icon_custom_margin=&#8221;|-13px||8px|false|false&#8221; image_icon_custom_padding=&#8221;8px|8px|8px|8px|false|false&#8221; text_orientation=&#8221;center&#8221; width=&#8221;100%&#8221; max_width=&#8221;100%&#8221; module_alignment=&#8221;left&#8221; custom_margin=&#8221;0px|||0px|false|false&#8221; custom_padding=&#8221;30px|15px|30px|2px|false|false&#8221; animation_style=&#8221;fade&#8221; animation=&#8221;off&#8221; border_radii=&#8221;on|6px|6px|6px|6px&#8221; border_radii_image=&#8221;on|100%|100%|100%|100%&#8221; box_shadow_style=&#8221;preset1&#8243; box_shadow_vertical=&#8221;10px&#8221; box_shadow_blur=&#8221;24px&#8221; box_shadow_spread=&#8221;6px&#8221; box_shadow_color=&#8221;rgba(0,0,0,0.06)&#8221; icon_font_size=&#8221;32px&#8221; use_circle=&#8221;on&#8221; circle_color=&#8221;#1bb3eb&#8221; global_colors_info=&#8221;{}&#8221; image_icon_background_color__sticky_enabled=&#8221;#7EBEC5&#8243; image_icon_background_color__sticky=&#8221;#7EBEC5&#8243;]<\/p>\n<p>Obostrzenia COVID-19<\/p>\n<p>[\/et_pb_blurb][\/et_pb_column][\/et_pb_row][et_pb_row _builder_version=&#8221;4.16&#8243; _module_preset=&#8221;default&#8221; global_colors_info=&#8221;{}&#8221;][et_pb_column type=&#8221;4_4&#8243; _builder_version=&#8221;4.16&#8243; _module_preset=&#8221;default&#8221; global_colors_info=&#8221;{}&#8221;][et_pb_text _builder_version=&#8221;4.17.1&#8243; _module_preset=&#8221;default&#8221; text_font=&#8221;Montserrat|300|||||||&#8221; text_line_height=&#8221;1.3em&#8221; global_colors_info=&#8221;{}&#8221;]<\/p>\n<p style=\"text-align: center;\">W&nbsp;trosce o&nbsp;wzajemne bezpiecze\u0144stwo w&nbsp;zwi\u0105zku z&nbsp;sytuacj\u0105 dotycz\u0105c\u0105 COVID-19 prosimy o&nbsp;wcze\u015bniejszy kontakt telefoniczny lub mailowy w&nbsp;celu um\u00f3wienia spotkania.<\/p>\n<p>[\/et_pb_text][et_pb_button button_url=&#8221;https:\/\/osseus.pl\/wp-content\/uploads\/2024\/03\/Zgoda-Pacjenta.pdf&#8221; button_text=&#8221;Pobierz formularz ZGODA PACJENTA&#8221; button_alignment=&#8221;center&#8221; _builder_version=&#8221;4.24.2&#8243; _module_preset=&#8221;default&#8221; custom_button=&#8221;on&#8221; button_text_size=&#8221;20px&#8221; button_text_color=&#8221;#FFFFFF&#8221; button_bg_color=&#8221;#daa949&#8243; button_border_color=&#8221;#daa949&#8243; button_border_radius=&#8221;48px&#8221; button_letter_spacing=&#8221;1px&#8221; button_font=&#8221;Montserrat|||on|||||&#8221; button_use_icon=&#8221;off&#8221; background_layout=&#8221;dark&#8221; custom_margin=&#8221;35px||35px||false|false&#8221; global_colors_info=&#8221;{}&#8221;][\/et_pb_button][\/et_pb_column][\/et_pb_row][\/et_pb_section][et_pb_section fb_built=&#8221;1&#8243; admin_label=&#8221;Contact Info Section&#8221; _builder_version=&#8221;4.16&#8243; background_color=&#8221;#fafbfc&#8221; min_height=&#8221;500px&#8221; custom_padding=&#8221;0px|0px|0px|0px|true|&#8221; locked=&#8221;off&#8221; global_colors_info=&#8221;{}&#8221;][et_pb_row _builder_version=&#8221;4.16&#8243; global_colors_info=&#8221;{}&#8221;][et_pb_column type=&#8221;4_4&#8243; _builder_version=&#8221;4.16&#8243; custom_padding=&#8221;|||&#8221; global_colors_info=&#8221;{}&#8221; custom_padding__hover=&#8221;|||&#8221;][et_pb_text _builder_version=&#8221;4.16&#8243; text_font=&#8221;Roboto||||||||&#8221; text_text_color=&#8221;#70B2BE&#8221; header_font=&#8221;||||||||&#8221; header_3_font=&#8221;Roboto|600|||||||&#8221; header_3_text_color=&#8221;#44d89e&#8221; header_3_font_size=&#8221;36px&#8221; header_3_line_height=&#8221;1.4em&#8221; text_orientation=&#8221;center&#8221; locked=&#8221;off&#8221; global_colors_info=&#8221;{}&#8221;]<\/p>\n<h3><span style=\"color: #70b2be;\">Napisz do&nbsp;nas<\/span><\/h3>\n<p>[\/et_pb_text][\/et_pb_column][\/et_pb_row][et_pb_row _builder_version=&#8221;4.16&#8243; global_colors_info=&#8221;{}&#8221;][et_pb_column type=&#8221;4_4&#8243; _builder_version=&#8221;4.16&#8243; custom_padding=&#8221;|||&#8221; global_colors_info=&#8221;{}&#8221; custom_padding__hover=&#8221;|||&#8221;][et_pb_contact_form email=&#8221;piotr.klocek@osseus.pl&#8221; custom_message=&#8221;Imie: %%Imi\u0119_i_nazwisko%%||et_pb_line_break_holder||Adres mailowy: %%Email%%||et_pb_line_break_holder||Wiadomo\u015b\u0107: %%Wiadomo\u015b\u0107%%||et_pb_line_break_holder||Zgoda: %%Zgoda%%||et_pb_line_break_holder||&#8221; success_message=&#8221;Dzi\u0119kujemy za\u00a0skontaktowanie si\u0119 z\u00a0nami.&#8221; module_id=&#8221;et_pb_contact_form_0&#8243; _builder_version=&#8221;4.17.4&#8243; _unique_id=&#8221;d1f1b793-ac7f-458c-9de0-30dd405f8d81&#8243; form_field_font=&#8221;Poppins||||||||&#8221; form_field_font_size=&#8221;14px&#8221; custom_button=&#8221;on&#8221; button_text_size=&#8221;20px&#8221; button_text_color=&#8221;#ffffff&#8221; button_bg_color=&#8221;#70B2BE&#8221; button_border_width=&#8221;0px&#8221; button_border_color=&#8221;#44d89e&#8221; button_border_radius=&#8221;100px&#8221; button_letter_spacing=&#8221;1px&#8221; button_font=&#8221;Roboto|500||on|||||&#8221; button_use_icon=&#8221;off&#8221; custom_margin=&#8221;|||&#8221; custom_padding=&#8221;|||&#8221; border_radii=&#8221;on|6px|6px|6px|6px&#8221; box_shadow_style=&#8221;preset1&#8243; box_shadow_vertical=&#8221;10px&#8221; box_shadow_blur=&#8221;24px&#8221; box_shadow_spread=&#8221;6px&#8221; box_shadow_color=&#8221;rgba(0,0,0,0.06)&#8221; box_shadow_style_button=&#8221;preset3&#8243; box_shadow_color_button=&#8221;rgba(68,216,158,0.41)&#8221; global_colors_info=&#8221;{}&#8221;][et_pb_contact_field field_id=&#8221;Imi\u0119_i_nazwisko&#8221; field_title=&#8221;Imi\u0119 i\u00a0nazwisko&#8221; _builder_version=&#8221;4.16&#8243; form_field_background_color=&#8221;#fcfcfc&#8221; form_field_font=&#8221;|500|||||||&#8221; field_background_color=&#8221;#fcfcfc&#8221; global_colors_info=&#8221;{}&#8221; button_text_size__hover_enabled=&#8221;off&#8221; button_one_text_size__hover_enabled=&#8221;off&#8221; button_two_text_size__hover_enabled=&#8221;off&#8221; button_text_color__hover_enabled=&#8221;off&#8221; button_one_text_color__hover_enabled=&#8221;off&#8221; button_two_text_color__hover_enabled=&#8221;off&#8221; button_border_width__hover_enabled=&#8221;off&#8221; button_one_border_width__hover_enabled=&#8221;off&#8221; button_two_border_width__hover_enabled=&#8221;off&#8221; button_border_color__hover_enabled=&#8221;off&#8221; button_one_border_color__hover_enabled=&#8221;off&#8221; button_two_border_color__hover_enabled=&#8221;off&#8221; button_border_radius__hover_enabled=&#8221;off&#8221; button_one_border_radius__hover_enabled=&#8221;off&#8221; button_two_border_radius__hover_enabled=&#8221;off&#8221; button_letter_spacing__hover_enabled=&#8221;off&#8221; button_one_letter_spacing__hover_enabled=&#8221;off&#8221; button_two_letter_spacing__hover_enabled=&#8221;off&#8221; button_bg_color__hover_enabled=&#8221;off&#8221; button_one_bg_color__hover_enabled=&#8221;off&#8221; button_two_bg_color__hover_enabled=&#8221;off&#8221;][\/et_pb_contact_field][et_pb_contact_field field_id=&#8221;Email&#8221; field_title=&#8221;E-mail&#8221; field_type=&#8221;email&#8221; _builder_version=&#8221;4.16&#8243; form_field_background_color=&#8221;#ffffff&#8221; form_field_font=&#8221;|500|||||||&#8221; field_background_color=&#8221;#ffffff&#8221; global_colors_info=&#8221;{}&#8221; button_text_size__hover_enabled=&#8221;off&#8221; button_one_text_size__hover_enabled=&#8221;off&#8221; button_two_text_size__hover_enabled=&#8221;off&#8221; button_text_color__hover_enabled=&#8221;off&#8221; button_one_text_color__hover_enabled=&#8221;off&#8221; button_two_text_color__hover_enabled=&#8221;off&#8221; button_border_width__hover_enabled=&#8221;off&#8221; button_one_border_width__hover_enabled=&#8221;off&#8221; button_two_border_width__hover_enabled=&#8221;off&#8221; button_border_color__hover_enabled=&#8221;off&#8221; button_one_border_color__hover_enabled=&#8221;off&#8221; button_two_border_color__hover_enabled=&#8221;off&#8221; button_border_radius__hover_enabled=&#8221;off&#8221; button_one_border_radius__hover_enabled=&#8221;off&#8221; button_two_border_radius__hover_enabled=&#8221;off&#8221; button_letter_spacing__hover_enabled=&#8221;off&#8221; button_one_letter_spacing__hover_enabled=&#8221;off&#8221; button_two_letter_spacing__hover_enabled=&#8221;off&#8221; button_bg_color__hover_enabled=&#8221;off&#8221; button_one_bg_color__hover_enabled=&#8221;off&#8221; button_two_bg_color__hover_enabled=&#8221;off&#8221;][\/et_pb_contact_field][et_pb_contact_field field_id=&#8221;Wiadomo\u015b\u0107&#8221; field_title=&#8221;Tre\u015b\u0107 wiadomo\u015bci&#8221; field_type=&#8221;text&#8221; fullwidth_field=&#8221;on&#8221; _builder_version=&#8221;4.16&#8243; form_field_background_color=&#8221;#ffffff&#8221; form_field_font=&#8221;|500|||||||&#8221; field_background_color=&#8221;#ffffff&#8221; global_colors_info=&#8221;{}&#8221; button_text_size__hover_enabled=&#8221;off&#8221; button_one_text_size__hover_enabled=&#8221;off&#8221; button_two_text_size__hover_enabled=&#8221;off&#8221; button_text_color__hover_enabled=&#8221;off&#8221; button_one_text_color__hover_enabled=&#8221;off&#8221; button_two_text_color__hover_enabled=&#8221;off&#8221; button_border_width__hover_enabled=&#8221;off&#8221; button_one_border_width__hover_enabled=&#8221;off&#8221; button_two_border_width__hover_enabled=&#8221;off&#8221; button_border_color__hover_enabled=&#8221;off&#8221; button_one_border_color__hover_enabled=&#8221;off&#8221; button_two_border_color__hover_enabled=&#8221;off&#8221; button_border_radius__hover_enabled=&#8221;off&#8221; button_one_border_radius__hover_enabled=&#8221;off&#8221; button_two_border_radius__hover_enabled=&#8221;off&#8221; button_letter_spacing__hover_enabled=&#8221;off&#8221; button_one_letter_spacing__hover_enabled=&#8221;off&#8221; button_two_letter_spacing__hover_enabled=&#8221;off&#8221; button_bg_color__hover_enabled=&#8221;off&#8221; button_one_bg_color__hover_enabled=&#8221;off&#8221; button_two_bg_color__hover_enabled=&#8221;off&#8221;][\/et_pb_contact_field][et_pb_contact_field field_id=&#8221;Zgoda&#8221; field_title=&#8221;Wyra\u017cam zgod\u0119 na\u00a0przetwarzanie przez\u00a0HANKUS KLOCEK OSSEUS FIZJOTERAPIA S.C moich\u00a0danych osobowych w\u00a0celach marketingowych, w\u00a0tym na\u00a0profilowanie w\u00a0tych celach. Wyra\u017cona zgoda mo\u017ce by\u0107 odwo\u0142ana w\u00a0ka\u017cdym czasie. W\u00a0celu przedstawienia przez\u00a0HANKUS KLOCEK OSSEUS FIZJOTERAPIA S.C indywidualnej oferty produkt\u00f3w i\u00a0us\u0142ug za\u00a0pomoc\u0105 \u015brodk\u00f3w telekomunikacji elektronicznej, wyra\u017cenie zgody jest niezb\u0119dne. Wi\u0119cej informacji na\u00a0temat przetwarzania danych osobowych znajduje si\u0119 w\u00a0naszej Polityce prywatno\u015bci&#8221; field_type=&#8221;checkbox&#8221; checkbox_options=&#8221;%91{%22value%22:%22Wyra\u017cam zgod\u0119. %22,%22checked%22:0,%22dragID%22:-1}%93&#8243; fullwidth_field=&#8221;on&#8221; _builder_version=&#8221;4.16&#8243; _module_preset=&#8221;default&#8221; form_field_background_color=&#8221;#70B2BE&#8221; form_field_text_color=&#8221;#4c4c47&#8243; form_field_focus_background_color=&#8221;#4c4c47&#8243; form_field_focus_text_color=&#8221;#4c4c47&#8243; form_field_font=&#8221;Montserrat|300|||||||&#8221; form_field_font_size=&#8221;10px&#8221; form_field_line_height=&#8221;1.3em&#8221; link_option_url=&#8221;https:\/\/osseus.pl\/?page_id=3&#8243; link_option_url_new_window=&#8221;on&#8221; global_colors_info=&#8221;{}&#8221;][\/et_pb_contact_field][\/et_pb_contact_form][\/et_pb_column][\/et_pb_row][\/et_pb_section]<\/p>\n","protected":false},"excerpt":{"rendered":"<p>Specjali\u015bciMicha\u0142 J\u0119drzejczykJestem absolwentem Akademii Wychowania Fizycznego im.&nbsp;Bronis\u0142awa Czecha w&nbsp;Krakowie (licencjat) oraz&nbsp;Uniwersytetu Jagiello\u0144skiego Collegium Medicum (magister). Jestem certyfikowanym terapeut\u0105 manualnym MTI wg&nbsp;stanard\u00f3w IFOMPT. Fundament pracy stanowi dla mnie terapia manualna wg&nbsp;standard\u00f3w Mi\u0119dzynarodowej Federacji Ortopedycznych Fizjoterapeut\u00f3w Manualnych (IFOMPT), oparta o&nbsp;dok\u0142adny wywiad, badanie, terapi\u0119 oraz&nbsp;indywidualnie dobrane zadania\/\u0107wiczenia adekwatne do&nbsp;danego problemu z&nbsp;jakim zg\u0142asza si\u0119 pacjent. Du\u017cy nacisk stawiam r\u00f3wnie\u017c [&hellip;]<\/p>\n","protected":false},"author":1,"featured_media":613,"parent":0,"menu_order":0,"comment_status":"closed","ping_status":"closed","template":"","meta":{"_et_pb_use_builder":"on","_et_pb_old_content":"","_et_gb_content_width":"","footnotes":""},"class_list":["post-610","page","type-page","status-publish","has-post-thumbnail","hentry"],"yoast_head":"<!-- This site is optimized with the Yoast SEO plugin v27.1.1 - https:\/\/yoast.com\/product\/yoast-seo-wordpress\/ -->\n<title>Mgr Micha\u0142 J\u0119drzejczyk - Fizjoterapeuta Krak\u00f3w - Osseus.pl<\/title>\n<meta name=\"description\" content=\"Micha\u0142 J\u0119drzejczyk - Akademii Wychowania Fizycznego im. Bronis\u0142awa Czecha w Krakowie oraz Uniwersytetu Jagiello\u0144skiego Collegium Medicum.\" \/>\n<meta name=\"robots\" content=\"index, follow, max-snippet:-1, max-image-preview:large, max-video-preview:-1\" \/>\n<link rel=\"canonical\" href=\"https:\/\/osseus.pl\/?page_id=610\" \/>\n<meta property=\"og:locale\" content=\"pl_PL\" \/>\n<meta property=\"og:type\" content=\"article\" \/>\n<meta property=\"og:title\" content=\"Mgr Micha\u0142 J\u0119drzejczyk - Fizjoterapeuta Krak\u00f3w - Osseus.pl\" \/>\n<meta property=\"og:description\" content=\"Micha\u0142 J\u0119drzejczyk - Akademii Wychowania Fizycznego im. Bronis\u0142awa Czecha w Krakowie oraz Uniwersytetu Jagiello\u0144skiego Collegium Medicum.\" \/>\n<meta property=\"og:url\" content=\"https:\/\/osseus.pl\/?page_id=610\" \/>\n<meta property=\"og:site_name\" content=\"Osseus fizjoterapia\" \/>\n<meta property=\"article:modified_time\" content=\"2024-11-28T13:31:54+00:00\" \/>\n<meta property=\"og:image\" content=\"https:\/\/osseus.pl\/wp-content\/uploads\/2024\/11\/Michal-Jedrzejczyk-OSSEUS.webp\" \/>\n\t<meta property=\"og:image:width\" content=\"769\" \/>\n\t<meta property=\"og:image:height\" content=\"1036\" \/>\n\t<meta property=\"og:image:type\" content=\"image\/webp\" \/>\n<meta name=\"twitter:card\" content=\"summary_large_image\" \/>\n<meta name=\"twitter:label1\" content=\"Szacowany czas czytania\" \/>\n\t<meta name=\"twitter:data1\" content=\"7 minut\" \/>\n<script type=\"application\/ld+json\" class=\"yoast-schema-graph\">{\"@context\":\"https:\/\/schema.org\",\"@graph\":[{\"@type\":\"WebPage\",\"@id\":\"https:\/\/osseus.pl\/?page_id=610\",\"url\":\"https:\/\/osseus.pl\/?page_id=610\",\"name\":\"Mgr Micha\u0142 J\u0119drzejczyk - Fizjoterapeuta Krak\u00f3w - Osseus.pl\",\"isPartOf\":{\"@id\":\"https:\/\/osseus.pl\/#website\"},\"primaryImageOfPage\":{\"@id\":\"https:\/\/osseus.pl\/?page_id=610#primaryimage\"},\"image\":{\"@id\":\"https:\/\/osseus.pl\/?page_id=610#primaryimage\"},\"thumbnailUrl\":\"https:\/\/osseus.pl\/wp-content\/uploads\/2024\/11\/Michal-Jedrzejczyk-OSSEUS.webp\",\"datePublished\":\"2024-11-28T08:15:24+00:00\",\"dateModified\":\"2024-11-28T13:31:54+00:00\",\"description\":\"Micha\u0142 J\u0119drzejczyk - Akademii Wychowania Fizycznego im. Bronis\u0142awa Czecha w Krakowie oraz Uniwersytetu Jagiello\u0144skiego Collegium Medicum.\",\"breadcrumb\":{\"@id\":\"https:\/\/osseus.pl\/?page_id=610#breadcrumb\"},\"inLanguage\":\"pl-PL\",\"potentialAction\":[{\"@type\":\"ReadAction\",\"target\":[\"https:\/\/osseus.pl\/?page_id=610\"]}]},{\"@type\":\"ImageObject\",\"inLanguage\":\"pl-PL\",\"@id\":\"https:\/\/osseus.pl\/?page_id=610#primaryimage\",\"url\":\"https:\/\/osseus.pl\/wp-content\/uploads\/2024\/11\/Michal-Jedrzejczyk-OSSEUS.webp\",\"contentUrl\":\"https:\/\/osseus.pl\/wp-content\/uploads\/2024\/11\/Michal-Jedrzejczyk-OSSEUS.webp\",\"width\":769,\"height\":1036,\"caption\":\"Micha\u0142 J\u0119drzejczyk - OSSEUS\"},{\"@type\":\"BreadcrumbList\",\"@id\":\"https:\/\/osseus.pl\/?page_id=610#breadcrumb\",\"itemListElement\":[{\"@type\":\"ListItem\",\"position\":1,\"name\":\"Home\",\"item\":\"https:\/\/osseus.pl\/\"},{\"@type\":\"ListItem\",\"position\":2,\"name\":\"Micha\u0142 J\u0119drzejczyk\"}]},{\"@type\":\"WebSite\",\"@id\":\"https:\/\/osseus.pl\/#website\",\"url\":\"https:\/\/osseus.pl\/\",\"name\":\"Osseus fizjoterapia\",\"description\":\"Osseus fizjoterapia Krak\u00f3w\",\"potentialAction\":[{\"@type\":\"SearchAction\",\"target\":{\"@type\":\"EntryPoint\",\"urlTemplate\":\"https:\/\/osseus.pl\/?s={search_term_string}\"},\"query-input\":{\"@type\":\"PropertyValueSpecification\",\"valueRequired\":true,\"valueName\":\"search_term_string\"}}],\"inLanguage\":\"pl-PL\"}]}<\/script>\n<!-- \/ Yoast SEO plugin. -->","yoast_head_json":{"title":"Mgr Micha\u0142 J\u0119drzejczyk - Fizjoterapeuta Krak\u00f3w - Osseus.pl","description":"Micha\u0142 J\u0119drzejczyk - Akademii Wychowania Fizycznego im. Bronis\u0142awa Czecha w Krakowie oraz Uniwersytetu Jagiello\u0144skiego Collegium Medicum.","robots":{"index":"index","follow":"follow","max-snippet":"max-snippet:-1","max-image-preview":"max-image-preview:large","max-video-preview":"max-video-preview:-1"},"canonical":"https:\/\/osseus.pl\/?page_id=610","og_locale":"pl_PL","og_type":"article","og_title":"Mgr Micha\u0142 J\u0119drzejczyk - Fizjoterapeuta Krak\u00f3w - Osseus.pl","og_description":"Micha\u0142 J\u0119drzejczyk - Akademii Wychowania Fizycznego im. Bronis\u0142awa Czecha w Krakowie oraz Uniwersytetu Jagiello\u0144skiego Collegium Medicum.","og_url":"https:\/\/osseus.pl\/?page_id=610","og_site_name":"Osseus fizjoterapia","article_modified_time":"2024-11-28T13:31:54+00:00","og_image":[{"width":769,"height":1036,"url":"https:\/\/osseus.pl\/wp-content\/uploads\/2024\/11\/Michal-Jedrzejczyk-OSSEUS.webp","type":"image\/webp"}],"twitter_card":"summary_large_image","twitter_misc":{"Szacowany czas czytania":"7 minut"},"schema":{"@context":"https:\/\/schema.org","@graph":[{"@type":"WebPage","@id":"https:\/\/osseus.pl\/?page_id=610","url":"https:\/\/osseus.pl\/?page_id=610","name":"Mgr Micha\u0142 J\u0119drzejczyk - Fizjoterapeuta Krak\u00f3w - Osseus.pl","isPartOf":{"@id":"https:\/\/osseus.pl\/#website"},"primaryImageOfPage":{"@id":"https:\/\/osseus.pl\/?page_id=610#primaryimage"},"image":{"@id":"https:\/\/osseus.pl\/?page_id=610#primaryimage"},"thumbnailUrl":"https:\/\/osseus.pl\/wp-content\/uploads\/2024\/11\/Michal-Jedrzejczyk-OSSEUS.webp","datePublished":"2024-11-28T08:15:24+00:00","dateModified":"2024-11-28T13:31:54+00:00","description":"Micha\u0142 J\u0119drzejczyk - Akademii Wychowania Fizycznego im. Bronis\u0142awa Czecha w Krakowie oraz Uniwersytetu Jagiello\u0144skiego Collegium Medicum.","breadcrumb":{"@id":"https:\/\/osseus.pl\/?page_id=610#breadcrumb"},"inLanguage":"pl-PL","potentialAction":[{"@type":"ReadAction","target":["https:\/\/osseus.pl\/?page_id=610"]}]},{"@type":"ImageObject","inLanguage":"pl-PL","@id":"https:\/\/osseus.pl\/?page_id=610#primaryimage","url":"https:\/\/osseus.pl\/wp-content\/uploads\/2024\/11\/Michal-Jedrzejczyk-OSSEUS.webp","contentUrl":"https:\/\/osseus.pl\/wp-content\/uploads\/2024\/11\/Michal-Jedrzejczyk-OSSEUS.webp","width":769,"height":1036,"caption":"Micha\u0142 J\u0119drzejczyk - OSSEUS"},{"@type":"BreadcrumbList","@id":"https:\/\/osseus.pl\/?page_id=610#breadcrumb","itemListElement":[{"@type":"ListItem","position":1,"name":"Home","item":"https:\/\/osseus.pl\/"},{"@type":"ListItem","position":2,"name":"Micha\u0142 J\u0119drzejczyk"}]},{"@type":"WebSite","@id":"https:\/\/osseus.pl\/#website","url":"https:\/\/osseus.pl\/","name":"Osseus fizjoterapia","description":"Osseus fizjoterapia Krak\u00f3w","potentialAction":[{"@type":"SearchAction","target":{"@type":"EntryPoint","urlTemplate":"https:\/\/osseus.pl\/?s={search_term_string}"},"query-input":{"@type":"PropertyValueSpecification","valueRequired":true,"valueName":"search_term_string"}}],"inLanguage":"pl-PL"}]}},"_links":{"self":[{"href":"https:\/\/osseus.pl\/index.php?rest_route=\/wp\/v2\/pages\/610","targetHints":{"allow":["GET"]}}],"collection":[{"href":"https:\/\/osseus.pl\/index.php?rest_route=\/wp\/v2\/pages"}],"about":[{"href":"https:\/\/osseus.pl\/index.php?rest_route=\/wp\/v2\/types\/page"}],"author":[{"embeddable":true,"href":"https:\/\/osseus.pl\/index.php?rest_route=\/wp\/v2\/users\/1"}],"replies":[{"embeddable":true,"href":"https:\/\/osseus.pl\/index.php?rest_route=%2Fwp%2Fv2%2Fcomments&post=610"}],"version-history":[{"count":6,"href":"https:\/\/osseus.pl\/index.php?rest_route=\/wp\/v2\/pages\/610\/revisions"}],"predecessor-version":[{"id":637,"href":"https:\/\/osseus.pl\/index.php?rest_route=\/wp\/v2\/pages\/610\/revisions\/637"}],"wp:featuredmedia":[{"embeddable":true,"href":"https:\/\/osseus.pl\/index.php?rest_route=\/wp\/v2\/media\/613"}],"wp:attachment":[{"href":"https:\/\/osseus.pl\/index.php?rest_route=%2Fwp%2Fv2%2Fmedia&parent=610"}],"curies":[{"name":"wp","href":"https:\/\/api.w.org\/{rel}","templated":true}]}}