{"id":50,"date":"2022-02-22T14:22:32","date_gmt":"2022-02-22T13:22:32","guid":{"rendered":"https:\/\/osseus.aimnow.art\/?page_id=50"},"modified":"2026-03-08T11:28:15","modified_gmt":"2026-03-08T10:28:15","slug":"o-nas","status":"publish","type":"page","link":"https:\/\/osseus.pl\/?page_id=50","title":{"rendered":"O nas"},"content":{"rendered":"<p>[et_pb_section fb_built=&#8221;1&#8243; admin_label=&#8221;Hero Section&#8221; _builder_version=&#8221;4.16&#8243; use_background_color_gradient=&#8221;on&#8221; background_color_gradient_direction=&#8221;72deg&#8221; background_color_gradient_stops=&#8221;#70b2be 0%|#ffffff 100%&#8221; background_color_gradient_start=&#8221;#70b2be&#8221; background_color_gradient_end=&#8221;#ffffff&#8221; custom_padding=&#8221;2px|0px|2px|0px|true|&#8221; global_colors_info=&#8221;{}&#8221;][et_pb_row column_structure=&#8221;1_2,1_2&#8243; _builder_version=&#8221;4.16&#8243; background_size=&#8221;initial&#8221; background_position=&#8221;top_left&#8221; background_repeat=&#8221;repeat&#8221; global_colors_info=&#8221;{}&#8221;][et_pb_column type=&#8221;1_2&#8243; _builder_version=&#8221;4.16&#8243; custom_padding=&#8221;60px|||&#8221; global_colors_info=&#8221;{}&#8221; custom_padding__hover=&#8221;|||&#8221;][et_pb_text _builder_version=&#8221;4.16&#8243; text_font=&#8221;Montserrat|300|||||||&#8221; text_text_color=&#8221;#4c4c47&#8243; header_font=&#8221;Montserrat|700|||||||&#8221; header_text_color=&#8221;#ffffff&#8221; header_font_size=&#8221;42px&#8221; header_line_height=&#8221;1.3em&#8221; header_2_font=&#8221;Montserrat|700|||||||&#8221; header_2_font_size=&#8221;21px&#8221; header_2_line_height=&#8221;1.2em&#8221; header_3_font=&#8221;Montserrat||||||||&#8221; header_6_text_color=&#8221;#4c4c47&#8243; animation_style=&#8221;fade&#8221; global_colors_info=&#8221;{}&#8221;]<\/p>\n<h2>Jeste\u015bmy zespo\u0142em, kt\u00f3rego&nbsp;celem jest umo\u017cliwienie pacjentowi jak najszybszego powrotu do&nbsp;zdrowia\u00a0 oraz&nbsp;pe\u0142nej aktywno\u015bci fizycznej.<\/h2>\n<p>Fundamentem naszej pracy jest dok\u0142adny wywiad, badanie kliniczne i&nbsp;analiza pacjenta. Pracujemy za&nbsp;pomoc\u0105 indywidualnie dobranych technik Terapii Manualnej wg. standard\u00f3w IFOMPT oraz&nbsp;zada\u0144 ruchowych opartych na&nbsp;zasadach medycznego treningu terapeutycznego.<\/p>\n<p><strong> Oferujemy us\u0142ugi z&nbsp;zakresu rehabilitacji medycznej.<\/strong><\/p>\n<p>&nbsp;<\/p>\n<p>[\/et_pb_text][\/et_pb_column][et_pb_column type=&#8221;1_2&#8243; _builder_version=&#8221;4.16&#8243; custom_padding=&#8221;|||&#8221; global_colors_info=&#8221;{}&#8221; custom_padding__hover=&#8221;|||&#8221;][et_pb_image src=&#8221;https:\/\/osseus.pl\/wp-content\/uploads\/2024\/03\/OSSEUS.webp&#8221; title_text=&#8221;OSSEUS&#8221; force_fullwidth=&#8221;on&#8221; align_tablet=&#8221;center&#8221; align_phone=&#8221;&#8221; align_last_edited=&#8221;on|desktop&#8221; _builder_version=&#8221;4.24.2&#8243; animation_style=&#8221;fade&#8221; box_shadow_style=&#8221;preset6&#8243; global_colors_info=&#8221;{}&#8221;][\/et_pb_image][\/et_pb_column][\/et_pb_row][\/et_pb_section][et_pb_section fb_built=&#8221;1&#8243; _builder_version=&#8221;4.16&#8243; _module_preset=&#8221;default&#8221; global_colors_info=&#8221;{}&#8221; locked=&#8221;off&#8221;][et_pb_row column_structure=&#8221;1_4,1_4,1_4,1_4&#8243; _builder_version=&#8221;4.27.6&#8243; _module_preset=&#8221;default&#8221; hover_enabled=&#8221;0&#8243; global_colors_info=&#8221;{}&#8221; sticky_enabled=&#8221;0&#8243; max_width=&#8221;1920px&#8221;][et_pb_column type=&#8221;1_4&#8243; _builder_version=&#8221;4.16&#8243; _module_preset=&#8221;default&#8221; global_colors_info=&#8221;{}&#8221;][et_pb_team_member name=&#8221;Jan Hankus&#8221; position=&#8221;Fizjoterapeuta&#8221; image_url=&#8221;https:\/\/osseus.pl\/wp-content\/uploads\/2024\/03\/Jan-Hankus.webp&#8221; icon_color=&#8221;#44d89e&#8221; _builder_version=&#8221;4.24.2&#8243; header_font=&#8221;Montserrat|500|||||||&#8221; header_text_color=&#8221;#486066&#8243; header_font_size=&#8221;18px&#8221; body_font=&#8221;Montserrat|300|||||||&#8221; body_line_height=&#8221;1.8em&#8221; position_font=&#8221;Montserrat||||||||&#8221; background_color=&#8221;#ffffff&#8221; text_orientation=&#8221;center&#8221; max_width=&#8221;360px&#8221; module_alignment=&#8221;center&#8221; custom_margin=&#8221;|||&#8221; custom_padding=&#8221;30px|30px|98px|30px||&#8221; animation_style=&#8221;fade&#8221; border_radii=&#8221;on|6px|6px|6px|6px&#8221; border_color_all_image=&#8221;RGBA(255,255,255,0)&#8221; box_shadow_style=&#8221;preset1&#8243; box_shadow_vertical=&#8221;10px&#8221; box_shadow_blur=&#8221;24px&#8221; box_shadow_spread=&#8221;6px&#8221; box_shadow_color=&#8221;rgba(0,0,0,0.06)&#8221; icon_hover_color=&#8221;#353740&#8243; locked=&#8221;off&#8221; global_colors_info=&#8221;{}&#8221; icon_color__hover=&#8221;#353740&#8243; icon_color__hover_enabled=&#8221;on&#8221;]<\/p>\n<p style=\"text-align: center;\"><strong><\/strong><\/p>\n<p style=\"text-align: center;\"><strong><\/strong><\/p>\n<p style=\"text-align: center;\"><strong>Jestem absolwentem Akademii Wychowania Fizycznego w\u00a0Krakowie oraz\u00a0certyfikowanym terapeut\u0105 manualnym MT1 wed\u0142ug standard\u00f3w IFOMPT<\/strong>.<\/p>\n<p style=\"text-align: center;\">Moj\u0105 prac\u0119 z\u00a0pacjentem cechuje indywidualne i\u00a0empatyczne podej\u015bcie.<\/p>\n<p>[\/et_pb_team_member][et_pb_icon font_icon=&#8221;&#xe0ce;||divi||400&#8243; icon_width=&#8221;50px&#8221; url=&#8221;https:\/\/www.znanylekarz.pl\/jan-hankus\/fizjoterapeuta\/krakow&#8221; url_new_window=&#8221;on&#8221; _builder_version=&#8221;4.16&#8243; _module_preset=&#8221;default&#8221; background_color=&#8221;RGBA(255,255,255,0)&#8221; locked=&#8221;off&#8221; global_colors_info=&#8221;{}&#8221;][\/et_pb_icon][et_pb_button button_url=&#8221;https:\/\/osseus.pl\/?page_id=70&#038;et_fb=1&#038;PageSpeed=off&#8221; button_text=&#8221;CZYTAJ WI\u0118CEJ&#8221; button_alignment=&#8221;center&#8221; _builder_version=&#8221;4.16&#8243; _module_preset=&#8221;default&#8221; custom_button=&#8221;on&#8221; button_text_size=&#8221;15px&#8221; button_text_color=&#8221;#FFFFFF&#8221; button_bg_color=&#8221;#daa949&#8243; button_border_color=&#8221;#daa949&#8243; button_border_radius=&#8221;48px&#8221; button_letter_spacing=&#8221;1px&#8221; button_font=&#8221;Montserrat||||||||&#8221; button_use_icon=&#8221;off&#8221; background_layout=&#8221;dark&#8221; custom_margin=&#8221;35px||35px||false|false&#8221; locked=&#8221;off&#8221; global_colors_info=&#8221;{}&#8221;][\/et_pb_button][\/et_pb_column][et_pb_column type=&#8221;1_4&#8243; _builder_version=&#8221;4.16&#8243; _module_preset=&#8221;default&#8221; global_colors_info=&#8221;{}&#8221;][et_pb_team_member name=&#8221;Piotr Klocek&#8221; position=&#8221;Fizjoterapeuta&#8221; image_url=&#8221;https:\/\/osseus.pl\/wp-content\/uploads\/2024\/03\/Piotr-Klocek.webp&#8221; icon_color=&#8221;#44d89e&#8221; _builder_version=&#8221;4.24.2&#8243; header_font=&#8221;Montserrat|500|||||||&#8221; header_text_color=&#8221;#486066&#8243; header_font_size=&#8221;18px&#8221; body_font=&#8221;Montserrat|300|||||||&#8221; body_line_height=&#8221;1.8em&#8221; position_font=&#8221;Montserrat||||||||&#8221; background_color=&#8221;#ffffff&#8221; text_orientation=&#8221;center&#8221; max_width=&#8221;360px&#8221; module_alignment=&#8221;center&#8221; custom_margin=&#8221;|||&#8221; custom_padding=&#8221;30px|30px|98px|30px||&#8221; animation_style=&#8221;fade&#8221; border_radii=&#8221;on|6px|6px|6px|6px&#8221; border_color_all_image=&#8221;RGBA(255,255,255,0)&#8221; box_shadow_style=&#8221;preset1&#8243; box_shadow_vertical=&#8221;10px&#8221; box_shadow_blur=&#8221;24px&#8221; box_shadow_spread=&#8221;6px&#8221; box_shadow_color=&#8221;rgba(0,0,0,0.06)&#8221; icon_hover_color=&#8221;#353740&#8243; locked=&#8221;off&#8221; global_colors_info=&#8221;{}&#8221; icon_color__hover=&#8221;#353740&#8243; icon_color__hover_enabled=&#8221;on&#8221;]<\/p>\n<p style=\"text-align: center;\"><strong>Jestem absolwentem Akademii Wychowania Fizycznego w&nbsp;Krakowie. Jestem certyfikowanym <span>terapeut\u0105<\/span> manualnym MTI wg&nbsp;stanard\u00f3w <\/strong><strong>IFOMPT<\/strong>.<\/p>\n<p style=\"text-align: center;\">W\u00a0swojej pracy opieram si\u0119 na\u00a0rzetelnej diagnostyce pacjenta.<\/p>\n<p>[\/et_pb_team_member][et_pb_icon font_icon=&#8221;&#xe0ce;||divi||400&#8243; icon_width=&#8221;50px&#8221; url=&#8221;https:\/\/www.znanylekarz.pl\/piotr-klocek\/fizjoterapeuta\/krakow&#8221; url_new_window=&#8221;on&#8221; _builder_version=&#8221;4.16&#8243; _module_preset=&#8221;default&#8221; background_color=&#8221;RGBA(255,255,255,0)&#8221; locked=&#8221;off&#8221; global_colors_info=&#8221;{}&#8221;][\/et_pb_icon][et_pb_button button_url=&#8221;https:\/\/osseus.pl\/?page_id=73&#038;et_fb=1&#038;PageSpeed=off&#8221; button_text=&#8221;CZYTAJ WI\u0118CEJ&#8221; button_alignment=&#8221;center&#8221; _builder_version=&#8221;4.16&#8243; _module_preset=&#8221;default&#8221; custom_button=&#8221;on&#8221; button_text_size=&#8221;15px&#8221; button_text_color=&#8221;#FFFFFF&#8221; button_bg_color=&#8221;#daa949&#8243; button_border_color=&#8221;#daa949&#8243; button_border_radius=&#8221;48px&#8221; button_letter_spacing=&#8221;1px&#8221; button_font=&#8221;Montserrat||||||||&#8221; button_use_icon=&#8221;off&#8221; background_layout=&#8221;dark&#8221; custom_margin=&#8221;35px||35px||false|false&#8221; locked=&#8221;off&#8221; global_colors_info=&#8221;{}&#8221;][\/et_pb_button][\/et_pb_column][et_pb_column type=&#8221;1_4&#8243; _builder_version=&#8221;4.16&#8243; _module_preset=&#8221;default&#8221; global_colors_info=&#8221;{}&#8221;][et_pb_team_member name=&#8221;Bart\u0142omiej Pancerz&#8221; position=&#8221;Fizjoterapeuta&#8221; image_url=&#8221;https:\/\/osseus.pl\/wp-content\/uploads\/2024\/03\/Bartlomiej-Pancerz.webp&#8221; icon_color=&#8221;#44d89e&#8221; _builder_version=&#8221;4.24.2&#8243; header_font=&#8221;Montserrat|500|||||||&#8221; header_text_color=&#8221;#486066&#8243; header_font_size=&#8221;18px&#8221; body_font=&#8221;Montserrat|300|||||||&#8221; body_line_height=&#8221;1.8em&#8221; position_font=&#8221;Montserrat||||||||&#8221; background_color=&#8221;#ffffff&#8221; text_orientation=&#8221;center&#8221; max_width=&#8221;360px&#8221; module_alignment=&#8221;center&#8221; custom_margin=&#8221;|||&#8221; custom_padding=&#8221;30px|30px|98px|30px||&#8221; animation_style=&#8221;fade&#8221; border_radii=&#8221;on|6px|6px|6px|6px&#8221; border_color_all_image=&#8221;RGBA(255,255,255,0)&#8221; box_shadow_style=&#8221;preset1&#8243; box_shadow_vertical=&#8221;10px&#8221; box_shadow_blur=&#8221;24px&#8221; box_shadow_spread=&#8221;6px&#8221; box_shadow_color=&#8221;rgba(0,0,0,0.06)&#8221; icon_hover_color=&#8221;#353740&#8243; locked=&#8221;off&#8221; global_colors_info=&#8221;{}&#8221; icon_color__hover=&#8221;#353740&#8243; icon_color__hover_enabled=&#8221;on&#8221;]<\/p>\n<p style=\"text-align: center;\"><strong>Jestem absolwentem Akademii Wychowania Fizycznego w&nbsp;Krakowie. Jestem certyfikowanym <span>terapeut\u0105<\/span> manualnym MTI wg&nbsp;stanard\u00f3w <\/strong><strong>IFOMPT<\/strong>.<\/p>\n<p style=\"text-align: center;\">W\u00a0swojej pracy dobro pacjenta jest najwa\u017cniejsze.<\/p>\n<p>[\/et_pb_team_member][et_pb_icon font_icon=&#8221;&#xe0ce;||divi||400&#8243; icon_width=&#8221;50px&#8221; url=&#8221;https:\/\/www.znanylekarz.pl\/bartlomiej-pancerz\/fizjoterapeuta\/krakow&#8221; url_new_window=&#8221;on&#8221; _builder_version=&#8221;4.24.2&#8243; _module_preset=&#8221;default&#8221; background_color=&#8221;RGBA(255,255,255,0)&#8221; locked=&#8221;off&#8221; global_colors_info=&#8221;{}&#8221;][\/et_pb_icon][et_pb_button button_url=&#8221;@ET-DC@eyJkeW5hbWljIjp0cnVlLCJjb250ZW50IjoicG9zdF9saW5rX3VybF9wYWdlIiwic2V0dGluZ3MiOnsicG9zdF9pZCI6IjUyMSJ9fQ==@&#8221; button_text=&#8221;CZYTAJ WI\u0118CEJ&#8221; button_alignment=&#8221;center&#8221; _builder_version=&#8221;4.24.2&#8243; _dynamic_attributes=&#8221;button_url&#8221; _module_preset=&#8221;default&#8221; custom_button=&#8221;on&#8221; button_text_size=&#8221;15px&#8221; button_text_color=&#8221;#FFFFFF&#8221; button_bg_color=&#8221;#daa949&#8243; button_border_color=&#8221;#daa949&#8243; button_border_radius=&#8221;48px&#8221; button_letter_spacing=&#8221;1px&#8221; button_font=&#8221;Montserrat||||||||&#8221; button_use_icon=&#8221;off&#8221; background_layout=&#8221;dark&#8221; custom_margin=&#8221;35px||35px||false|false&#8221; locked=&#8221;off&#8221; global_colors_info=&#8221;{}&#8221;][\/et_pb_button][\/et_pb_column][et_pb_column _builder_version=&#8221;4.27.6&#8243; _module_preset=&#8221;default&#8221; type=&#8221;1_4&#8243; hover_enabled=&#8221;0&#8243; sticky_enabled=&#8221;0&#8243;][et_pb_team_member name=&#8221;Wiktoria Znamirowska&#8221; position=&#8221;Fizjoterapeutka&#8221; image_url=&#8221;https:\/\/osseus.pl\/wp-content\/uploads\/2025\/07\/Zdjecie-Wiktoria-Znamirowska-kopia.webp&#8221; icon_color=&#8221;#44d89e&#8221; _builder_version=&#8221;4.27.4&#8243; header_font=&#8221;Montserrat|500|||||||&#8221; header_text_color=&#8221;#486066&#8243; header_font_size=&#8221;18px&#8221; body_font=&#8221;Montserrat|300|||||||&#8221; body_line_height=&#8221;1.8em&#8221; position_font=&#8221;Montserrat||||||||&#8221; background_color=&#8221;#ffffff&#8221; text_orientation=&#8221;center&#8221; max_width=&#8221;360px&#8221; module_alignment=&#8221;center&#8221; custom_margin=&#8221;|||&#8221; custom_padding=&#8221;30px|30px|98px|30px||&#8221; animation_style=&#8221;fade&#8221; border_radii=&#8221;on|6px|6px|6px|6px&#8221; border_color_all_image=&#8221;RGBA(255,255,255,0)&#8221; box_shadow_style=&#8221;preset1&#8243; box_shadow_vertical=&#8221;10px&#8221; box_shadow_blur=&#8221;24px&#8221; box_shadow_spread=&#8221;6px&#8221; box_shadow_color=&#8221;rgba(0,0,0,0.06)&#8221; icon_hover_color=&#8221;#353740&#8243; locked=&#8221;off&#8221; global_colors_info=&#8221;{}&#8221; icon_color__hover=&#8221;#353740&#8243; icon_color__hover_enabled=&#8221;on&#8221;]<\/p>\n<p style=\"text-align: center;\"><strong>Jestem absolwentk\u0105 Akademii Wychowania Fizycznego im.&nbsp;Bronis\u0142awa Czecha w&nbsp;Krakowie oraz&nbsp;fizjoterapeutk\u0105 uroginekologiczn\u0105. Na&nbsp;co&nbsp;dzie\u0144 pracuj\u0119 z&nbsp;pacjentami z&nbsp;r\u00f3\u017cnymi dysfunkcjami uk\u0142adu nerwowo-mi\u0119\u015bniowo-szkieletowego. <\/strong>.<\/p>\n<p style=\"text-align: center;\">Moj\u0105 najwi\u0119ksz\u0105 pasj\u0105 zawodow\u0105 jest uroginekologia. Pomagam kobietom w&nbsp;r\u00f3\u017cnym wieku, na&nbsp;r\u00f3\u017cnych etapach \u017cycia.<\/p>\n<p>[\/et_pb_team_member][et_pb_icon font_icon=&#8221;&#xe0ce;||divi||400&#8243; icon_width=&#8221;50px&#8221; url=&#8221;https:\/\/osseus.pl\/?page_id=642&#8243; url_new_window=&#8221;on&#8221; _builder_version=&#8221;4.27.6&#8243; _module_preset=&#8221;default&#8221; background_color=&#8221;RGBA(255,255,255,0)&#8221; hover_enabled=&#8221;0&#8243; locked=&#8221;off&#8221; global_colors_info=&#8221;{}&#8221; sticky_enabled=&#8221;0&#8243;][\/et_pb_icon][et_pb_button button_url=&#8221;https:\/\/osseus.pl\/?page_id=642&#8243; button_text=&#8221;CZYTAJ WI\u0118CEJ&#8221; button_alignment=&#8221;center&#8221; _builder_version=&#8221;4.27.4&#8243; _module_preset=&#8221;default&#8221; custom_button=&#8221;on&#8221; button_text_size=&#8221;15px&#8221; button_text_color=&#8221;#FFFFFF&#8221; button_bg_color=&#8221;#daa949&#8243; button_border_color=&#8221;#daa949&#8243; button_border_radius=&#8221;48px&#8221; button_letter_spacing=&#8221;1px&#8221; button_font=&#8221;Montserrat||||||||&#8221; button_use_icon=&#8221;off&#8221; background_layout=&#8221;dark&#8221; custom_margin=&#8221;35px||35px||false|false&#8221; locked=&#8221;off&#8221; global_colors_info=&#8221;{}&#8221;][\/et_pb_button][\/et_pb_column][\/et_pb_row][\/et_pb_section][et_pb_section fb_built=&#8221;1&#8243; admin_label=&#8221;Contact Info Section&#8221; _builder_version=&#8221;4.16&#8243; background_color=&#8221;#fafbfc&#8221; min_height=&#8221;500px&#8221; custom_padding=&#8221;30px|0px|30px|0px|true|&#8221; global_colors_info=&#8221;{}&#8221;][et_pb_row _builder_version=&#8221;4.16&#8243; global_colors_info=&#8221;{}&#8221;][et_pb_column type=&#8221;4_4&#8243; _builder_version=&#8221;4.16&#8243; custom_padding=&#8221;|||&#8221; global_colors_info=&#8221;{}&#8221; custom_padding__hover=&#8221;|||&#8221;][et_pb_text _builder_version=&#8221;4.16&#8243; text_font=&#8221;Roboto||||||||&#8221; text_text_color=&#8221;#70B2BE&#8221; header_font=&#8221;||||||||&#8221; header_3_font=&#8221;Roboto|600|||||||&#8221; header_3_text_color=&#8221;#44d89e&#8221; header_3_font_size=&#8221;36px&#8221; header_3_line_height=&#8221;1.4em&#8221; text_orientation=&#8221;center&#8221; locked=&#8221;off&#8221; global_colors_info=&#8221;{}&#8221;]<\/p>\n<h3><span style=\"color: #70b2be;\">Napisz do&nbsp;nas<\/span><\/h3>\n<p>[\/et_pb_text][\/et_pb_column][\/et_pb_row][et_pb_row _builder_version=&#8221;4.16&#8243; global_colors_info=&#8221;{}&#8221;][et_pb_column type=&#8221;4_4&#8243; _builder_version=&#8221;4.16&#8243; custom_padding=&#8221;|||&#8221; global_colors_info=&#8221;{}&#8221; custom_padding__hover=&#8221;|||&#8221;][et_pb_contact_form email=&#8221;piotr.klocek@osseus.pl&#8221; custom_message=&#8221;Imie: %%Imi\u0119_i_nazwisko%%||et_pb_line_break_holder||Adres mailowy: %%Email%%||et_pb_line_break_holder||Wiadomo\u015b\u0107: %%Wiadomo\u015b\u0107%%||et_pb_line_break_holder||Zgoda: %%Zgoda%%||et_pb_line_break_holder||&#8221; success_message=&#8221;Dzi\u0119kujemy za skontaktowanie si\u0119 z nami.&#8221; module_id=&#8221;et_pb_contact_form_0&#8243; _builder_version=&#8221;4.17.4&#8243; _unique_id=&#8221;d1f1b793-ac7f-458c-9de0-30dd405f8d81&#8243; form_field_font=&#8221;Poppins||||||||&#8221; form_field_font_size=&#8221;14px&#8221; custom_button=&#8221;on&#8221; button_text_size=&#8221;20px&#8221; button_text_color=&#8221;#ffffff&#8221; button_bg_color=&#8221;#70B2BE&#8221; button_border_width=&#8221;0px&#8221; button_border_color=&#8221;#44d89e&#8221; button_border_radius=&#8221;100px&#8221; button_letter_spacing=&#8221;1px&#8221; button_font=&#8221;Roboto|500||on|||||&#8221; button_use_icon=&#8221;off&#8221; custom_margin=&#8221;|||&#8221; custom_padding=&#8221;|||&#8221; border_radii=&#8221;on|6px|6px|6px|6px&#8221; box_shadow_style=&#8221;preset1&#8243; box_shadow_vertical=&#8221;10px&#8221; box_shadow_blur=&#8221;24px&#8221; box_shadow_spread=&#8221;6px&#8221; box_shadow_color=&#8221;rgba(0,0,0,0.06)&#8221; box_shadow_style_button=&#8221;preset3&#8243; box_shadow_color_button=&#8221;rgba(68,216,158,0.41)&#8221; global_colors_info=&#8221;{}&#8221;][et_pb_contact_field field_id=&#8221;Imi\u0119_i_nazwisko&#8221; field_title=&#8221;Imi\u0119 i nazwisko&#8221; _builder_version=&#8221;4.16&#8243; form_field_background_color=&#8221;#fcfcfc&#8221; form_field_font=&#8221;|500|||||||&#8221; field_background_color=&#8221;#fcfcfc&#8221; global_colors_info=&#8221;{}&#8221; button_text_size__hover_enabled=&#8221;off&#8221; button_one_text_size__hover_enabled=&#8221;off&#8221; button_two_text_size__hover_enabled=&#8221;off&#8221; button_text_color__hover_enabled=&#8221;off&#8221; button_one_text_color__hover_enabled=&#8221;off&#8221; button_two_text_color__hover_enabled=&#8221;off&#8221; button_border_width__hover_enabled=&#8221;off&#8221; button_one_border_width__hover_enabled=&#8221;off&#8221; button_two_border_width__hover_enabled=&#8221;off&#8221; button_border_color__hover_enabled=&#8221;off&#8221; button_one_border_color__hover_enabled=&#8221;off&#8221; button_two_border_color__hover_enabled=&#8221;off&#8221; button_border_radius__hover_enabled=&#8221;off&#8221; button_one_border_radius__hover_enabled=&#8221;off&#8221; button_two_border_radius__hover_enabled=&#8221;off&#8221; button_letter_spacing__hover_enabled=&#8221;off&#8221; button_one_letter_spacing__hover_enabled=&#8221;off&#8221; button_two_letter_spacing__hover_enabled=&#8221;off&#8221; button_bg_color__hover_enabled=&#8221;off&#8221; button_one_bg_color__hover_enabled=&#8221;off&#8221; button_two_bg_color__hover_enabled=&#8221;off&#8221;][\/et_pb_contact_field][et_pb_contact_field field_id=&#8221;Email&#8221; field_title=&#8221;E-mail&#8221; field_type=&#8221;email&#8221; _builder_version=&#8221;4.16&#8243; form_field_background_color=&#8221;#ffffff&#8221; form_field_font=&#8221;|500|||||||&#8221; field_background_color=&#8221;#ffffff&#8221; global_colors_info=&#8221;{}&#8221; button_text_size__hover_enabled=&#8221;off&#8221; button_one_text_size__hover_enabled=&#8221;off&#8221; button_two_text_size__hover_enabled=&#8221;off&#8221; button_text_color__hover_enabled=&#8221;off&#8221; button_one_text_color__hover_enabled=&#8221;off&#8221; button_two_text_color__hover_enabled=&#8221;off&#8221; button_border_width__hover_enabled=&#8221;off&#8221; button_one_border_width__hover_enabled=&#8221;off&#8221; button_two_border_width__hover_enabled=&#8221;off&#8221; button_border_color__hover_enabled=&#8221;off&#8221; button_one_border_color__hover_enabled=&#8221;off&#8221; button_two_border_color__hover_enabled=&#8221;off&#8221; button_border_radius__hover_enabled=&#8221;off&#8221; button_one_border_radius__hover_enabled=&#8221;off&#8221; button_two_border_radius__hover_enabled=&#8221;off&#8221; button_letter_spacing__hover_enabled=&#8221;off&#8221; button_one_letter_spacing__hover_enabled=&#8221;off&#8221; button_two_letter_spacing__hover_enabled=&#8221;off&#8221; button_bg_color__hover_enabled=&#8221;off&#8221; button_one_bg_color__hover_enabled=&#8221;off&#8221; button_two_bg_color__hover_enabled=&#8221;off&#8221;][\/et_pb_contact_field][et_pb_contact_field field_id=&#8221;Wiadomo\u015b\u0107&#8221; field_title=&#8221;Tre\u015b\u0107 wiadomo\u015bci&#8221; field_type=&#8221;text&#8221; fullwidth_field=&#8221;on&#8221; _builder_version=&#8221;4.16&#8243; form_field_background_color=&#8221;#ffffff&#8221; form_field_font=&#8221;|500|||||||&#8221; field_background_color=&#8221;#ffffff&#8221; global_colors_info=&#8221;{}&#8221; button_text_size__hover_enabled=&#8221;off&#8221; button_one_text_size__hover_enabled=&#8221;off&#8221; button_two_text_size__hover_enabled=&#8221;off&#8221; button_text_color__hover_enabled=&#8221;off&#8221; button_one_text_color__hover_enabled=&#8221;off&#8221; button_two_text_color__hover_enabled=&#8221;off&#8221; button_border_width__hover_enabled=&#8221;off&#8221; button_one_border_width__hover_enabled=&#8221;off&#8221; button_two_border_width__hover_enabled=&#8221;off&#8221; button_border_color__hover_enabled=&#8221;off&#8221; button_one_border_color__hover_enabled=&#8221;off&#8221; button_two_border_color__hover_enabled=&#8221;off&#8221; button_border_radius__hover_enabled=&#8221;off&#8221; button_one_border_radius__hover_enabled=&#8221;off&#8221; button_two_border_radius__hover_enabled=&#8221;off&#8221; button_letter_spacing__hover_enabled=&#8221;off&#8221; button_one_letter_spacing__hover_enabled=&#8221;off&#8221; button_two_letter_spacing__hover_enabled=&#8221;off&#8221; button_bg_color__hover_enabled=&#8221;off&#8221; button_one_bg_color__hover_enabled=&#8221;off&#8221; button_two_bg_color__hover_enabled=&#8221;off&#8221;][\/et_pb_contact_field][et_pb_contact_field field_id=&#8221;Zgoda&#8221; field_title=&#8221;Wyra\u017cam zgod\u0119 na przetwarzanie przez HANKUS KLOCEK OSSEUS FIZJOTERAPIA S.C moich danych osobowych w celach marketingowych, w tym na profilowanie w tych celach. Wyra\u017cona zgoda mo\u017ce by\u0107 odwo\u0142ana w ka\u017cdym czasie. W celu przedstawienia przez HANKUS KLOCEK OSSEUS FIZJOTERAPIA S.C indywidualnej oferty produkt\u00f3w i us\u0142ug za pomoc\u0105 \u015brodk\u00f3w telekomunikacji elektronicznej, wyra\u017cenie zgody jest niezb\u0119dne. Wi\u0119cej informacji na temat przetwarzania danych osobowych znajduje si\u0119 w naszej Polityce prywatno\u015bci&#8221; field_type=&#8221;checkbox&#8221; checkbox_options=&#8221;%91{%22value%22:%22Wyra\u017cam zgod\u0119. %22,%22checked%22:0,%22dragID%22:-1}%93&#8243; fullwidth_field=&#8221;on&#8221; _builder_version=&#8221;4.16&#8243; _module_preset=&#8221;default&#8221; form_field_background_color=&#8221;#70B2BE&#8221; form_field_text_color=&#8221;#4c4c47&#8243; form_field_focus_background_color=&#8221;#4c4c47&#8243; form_field_focus_text_color=&#8221;#4c4c47&#8243; form_field_font=&#8221;Montserrat|300|||||||&#8221; form_field_font_size=&#8221;10px&#8221; form_field_line_height=&#8221;1.3em&#8221; link_option_url_new_window=&#8221;on&#8221; global_colors_info=&#8221;{}&#8221;][\/et_pb_contact_field][\/et_pb_contact_form][\/et_pb_column][\/et_pb_row][\/et_pb_section][et_pb_section fb_built=&#8221;1&#8243; fullwidth=&#8221;on&#8221; _builder_version=&#8221;4.24.2&#8243; _module_preset=&#8221;default&#8221; locked=&#8221;off&#8221; global_colors_info=&#8221;{}&#8221;][et_pb_fullwidth_code _builder_version=&#8221;4.24.2&#8243; _module_preset=&#8221;default&#8221; global_colors_info=&#8221;{}&#8221;]<iframe src=\"https:\/\/www.google.com\/maps\/embed?pb=!1m18!1m12!1m3!1d8609.844694221169!2d19.936052085886335!3d50.09148890325025!2m3!1f0!2f0!3f0!3m2!1i1024!2i768!4f13.1!3m3!1m2!1s0x47165b82e4d0916d%3A0x38c650807fd28715!2sGabinet%20Fizjoterapeutyczny%20Osseus!5e0!3m2!1spl!2spl!4v1711616032333!5m2!1spl!2spl\" width=\"100%\" height=\"450\" style=\"border:0;\" allowfullscreen=\"\" loading=\"lazy\" referrerpolicy=\"no-referrer-when-downgrade\"><\/iframe>[\/et_pb_fullwidth_code][\/et_pb_section]<\/p>\n","protected":false},"excerpt":{"rendered":"<p>Jeste\u015bmy zespo\u0142em, kt\u00f3rego&nbsp;celem jest umo\u017cliwienie pacjentowi jak najszybszego powrotu do&nbsp;zdrowia\u00a0 oraz&nbsp;pe\u0142nej aktywno\u015bci fizycznej. Fundamentem naszej pracy jest dok\u0142adny wywiad, badanie kliniczne i&nbsp;analiza pacjenta. Pracujemy za&nbsp;pomoc\u0105 indywidualnie dobranych technik Terapii Manualnej wg. standard\u00f3w IFOMPT oraz&nbsp;zada\u0144 ruchowych opartych na&nbsp;zasadach medycznego treningu terapeutycznego. Oferujemy us\u0142ugi z&nbsp;zakresu rehabilitacji medycznej. &nbsp; Jestem absolwentem Akademii Wychowania Fizycznego w\u00a0Krakowie oraz\u00a0certyfikowanym terapeut\u0105 manualnym [&hellip;]<\/p>\n","protected":false},"author":1,"featured_media":0,"parent":0,"menu_order":0,"comment_status":"closed","ping_status":"closed","template":"","meta":{"_et_pb_use_builder":"on","_et_pb_old_content":"","_et_gb_content_width":"","footnotes":""},"class_list":["post-50","page","type-page","status-publish","hentry"],"yoast_head":"<!-- This site is optimized with the Yoast SEO plugin v27.1.1 - https:\/\/yoast.com\/product\/yoast-seo-wordpress\/ -->\n<title>O nas - Osseus fizjoterapia<\/title>\n<meta name=\"description\" content=\"Fizjoterapeuta Krak\u00f3w. Nasz\u0105 dewiz\u0105 jest rzetelna diagnoza pacjenta. Staranny wywiad i badanie to kluczowe elementy.\" \/>\n<meta name=\"robots\" content=\"index, follow, max-snippet:-1, max-image-preview:large, max-video-preview:-1\" \/>\n<link rel=\"canonical\" href=\"https:\/\/osseus.pl\/?page_id=50\" \/>\n<meta property=\"og:locale\" content=\"pl_PL\" \/>\n<meta property=\"og:type\" content=\"article\" \/>\n<meta property=\"og:title\" content=\"O nas - Osseus fizjoterapia\" \/>\n<meta property=\"og:description\" content=\"Fizjoterapeuta Krak\u00f3w. Nasz\u0105 dewiz\u0105 jest rzetelna diagnoza pacjenta. Staranny wywiad i badanie to kluczowe elementy.\" \/>\n<meta property=\"og:url\" content=\"https:\/\/osseus.pl\/?page_id=50\" \/>\n<meta property=\"og:site_name\" content=\"Osseus fizjoterapia\" \/>\n<meta property=\"article:modified_time\" content=\"2026-03-08T10:28:15+00:00\" \/>\n<meta name=\"twitter:card\" content=\"summary_large_image\" \/>\n<meta name=\"twitter:label1\" content=\"Szacowany czas czytania\" \/>\n\t<meta name=\"twitter:data1\" content=\"3 minuty\" \/>\n<script type=\"application\/ld+json\" class=\"yoast-schema-graph\">{\"@context\":\"https:\/\/schema.org\",\"@graph\":[{\"@type\":\"WebPage\",\"@id\":\"https:\/\/osseus.pl\/?page_id=50\",\"url\":\"https:\/\/osseus.pl\/?page_id=50\",\"name\":\"O nas - Osseus fizjoterapia\",\"isPartOf\":{\"@id\":\"https:\/\/osseus.pl\/#website\"},\"datePublished\":\"2022-02-22T13:22:32+00:00\",\"dateModified\":\"2026-03-08T10:28:15+00:00\",\"description\":\"Fizjoterapeuta Krak\u00f3w. Nasz\u0105 dewiz\u0105 jest rzetelna diagnoza pacjenta. Staranny wywiad i badanie to kluczowe elementy.\",\"breadcrumb\":{\"@id\":\"https:\/\/osseus.pl\/?page_id=50#breadcrumb\"},\"inLanguage\":\"pl-PL\",\"potentialAction\":[{\"@type\":\"ReadAction\",\"target\":[\"https:\/\/osseus.pl\/?page_id=50\"]}]},{\"@type\":\"BreadcrumbList\",\"@id\":\"https:\/\/osseus.pl\/?page_id=50#breadcrumb\",\"itemListElement\":[{\"@type\":\"ListItem\",\"position\":1,\"name\":\"Home\",\"item\":\"https:\/\/osseus.pl\/\"},{\"@type\":\"ListItem\",\"position\":2,\"name\":\"O nas\"}]},{\"@type\":\"WebSite\",\"@id\":\"https:\/\/osseus.pl\/#website\",\"url\":\"https:\/\/osseus.pl\/\",\"name\":\"Osseus fizjoterapia\",\"description\":\"Osseus fizjoterapia Krak\u00f3w\",\"potentialAction\":[{\"@type\":\"SearchAction\",\"target\":{\"@type\":\"EntryPoint\",\"urlTemplate\":\"https:\/\/osseus.pl\/?s={search_term_string}\"},\"query-input\":{\"@type\":\"PropertyValueSpecification\",\"valueRequired\":true,\"valueName\":\"search_term_string\"}}],\"inLanguage\":\"pl-PL\"}]}<\/script>\n<!-- \/ Yoast SEO plugin. -->","yoast_head_json":{"title":"O nas - Osseus fizjoterapia","description":"Fizjoterapeuta Krak\u00f3w. Nasz\u0105 dewiz\u0105 jest rzetelna diagnoza pacjenta. Staranny wywiad i badanie to kluczowe elementy.","robots":{"index":"index","follow":"follow","max-snippet":"max-snippet:-1","max-image-preview":"max-image-preview:large","max-video-preview":"max-video-preview:-1"},"canonical":"https:\/\/osseus.pl\/?page_id=50","og_locale":"pl_PL","og_type":"article","og_title":"O nas - Osseus fizjoterapia","og_description":"Fizjoterapeuta Krak\u00f3w. Nasz\u0105 dewiz\u0105 jest rzetelna diagnoza pacjenta. Staranny wywiad i badanie to kluczowe elementy.","og_url":"https:\/\/osseus.pl\/?page_id=50","og_site_name":"Osseus fizjoterapia","article_modified_time":"2026-03-08T10:28:15+00:00","twitter_card":"summary_large_image","twitter_misc":{"Szacowany czas czytania":"3 minuty"},"schema":{"@context":"https:\/\/schema.org","@graph":[{"@type":"WebPage","@id":"https:\/\/osseus.pl\/?page_id=50","url":"https:\/\/osseus.pl\/?page_id=50","name":"O nas - Osseus fizjoterapia","isPartOf":{"@id":"https:\/\/osseus.pl\/#website"},"datePublished":"2022-02-22T13:22:32+00:00","dateModified":"2026-03-08T10:28:15+00:00","description":"Fizjoterapeuta Krak\u00f3w. Nasz\u0105 dewiz\u0105 jest rzetelna diagnoza pacjenta. Staranny wywiad i badanie to kluczowe elementy.","breadcrumb":{"@id":"https:\/\/osseus.pl\/?page_id=50#breadcrumb"},"inLanguage":"pl-PL","potentialAction":[{"@type":"ReadAction","target":["https:\/\/osseus.pl\/?page_id=50"]}]},{"@type":"BreadcrumbList","@id":"https:\/\/osseus.pl\/?page_id=50#breadcrumb","itemListElement":[{"@type":"ListItem","position":1,"name":"Home","item":"https:\/\/osseus.pl\/"},{"@type":"ListItem","position":2,"name":"O nas"}]},{"@type":"WebSite","@id":"https:\/\/osseus.pl\/#website","url":"https:\/\/osseus.pl\/","name":"Osseus fizjoterapia","description":"Osseus fizjoterapia Krak\u00f3w","potentialAction":[{"@type":"SearchAction","target":{"@type":"EntryPoint","urlTemplate":"https:\/\/osseus.pl\/?s={search_term_string}"},"query-input":{"@type":"PropertyValueSpecification","valueRequired":true,"valueName":"search_term_string"}}],"inLanguage":"pl-PL"}]}},"_links":{"self":[{"href":"https:\/\/osseus.pl\/index.php?rest_route=\/wp\/v2\/pages\/50","targetHints":{"allow":["GET"]}}],"collection":[{"href":"https:\/\/osseus.pl\/index.php?rest_route=\/wp\/v2\/pages"}],"about":[{"href":"https:\/\/osseus.pl\/index.php?rest_route=\/wp\/v2\/types\/page"}],"author":[{"embeddable":true,"href":"https:\/\/osseus.pl\/index.php?rest_route=\/wp\/v2\/users\/1"}],"replies":[{"embeddable":true,"href":"https:\/\/osseus.pl\/index.php?rest_route=%2Fwp%2Fv2%2Fcomments&post=50"}],"version-history":[{"count":21,"href":"https:\/\/osseus.pl\/index.php?rest_route=\/wp\/v2\/pages\/50\/revisions"}],"predecessor-version":[{"id":692,"href":"https:\/\/osseus.pl\/index.php?rest_route=\/wp\/v2\/pages\/50\/revisions\/692"}],"wp:attachment":[{"href":"https:\/\/osseus.pl\/index.php?rest_route=%2Fwp%2Fv2%2Fmedia&parent=50"}],"curies":[{"name":"wp","href":"https:\/\/api.w.org\/{rel}","templated":true}]}}